{"id":21,"date":"2024-11-22T18:11:34","date_gmt":"2024-11-22T17:11:34","guid":{"rendered":"http:\/\/toulonh.cluster027.hosting.ovh.net\/?page_id=21"},"modified":"2026-08-31T13:43:10","modified_gmt":"2026-08-31T11:43:10","slug":"ecoles-partenaires","status":"publish","type":"page","link":"https:\/\/toulonprovenceregatta.fr\/en\/ecoles-partenaires\/","title":{"rendered":"Partner schools"},"content":{"rendered":"\t\t<div data-elementor-type=\"wp-page\" data-elementor-id=\"21\" class=\"elementor elementor-21\" data-elementor-post-type=\"page\">\n\t\t\t\t<div class=\"elementor-element elementor-element-3a883fd1 e-flex e-con-boxed wpr-particle-no wpr-jarallax-no wpr-parallax-no wpr-sticky-section-no wpr-column-slider-no wpr-equal-height-no e-con e-parent\" data-id=\"3a883fd1\" data-element_type=\"container\" data-e-type=\"container\" data-settings=\"{&quot;background_background&quot;:&quot;slideshow&quot;,&quot;background_slideshow_gallery&quot;:[{&quot;id&quot;:10461,&quot;url&quot;:&quot;https:\\\/\\\/toulonprovenceregatta.fr\\\/wp-content\\\/uploads\\\/2026\\\/08\\\/TPR-2026-Sarah-Scolaires-2-2.jpg&quot;}],&quot;background_slideshow_loop&quot;:&quot;yes&quot;,&quot;background_slideshow_slide_duration&quot;:5000,&quot;background_slideshow_slide_transition&quot;:&quot;fade&quot;,&quot;background_slideshow_transition_duration&quot;:500}\">\n\t\t\t\t\t<div class=\"e-con-inner\">\n\t\t\t\t\t<\/div>\n\t\t\t\t<\/div>\n\t\t<div class=\"elementor-element elementor-element-6cc8834 e-flex e-con-boxed wpr-particle-no wpr-jarallax-no wpr-parallax-no wpr-sticky-section-no wpr-column-slider-no wpr-equal-height-no e-con e-parent\" data-id=\"6cc8834\" data-element_type=\"container\" data-e-type=\"container\" data-settings=\"{&quot;background_background&quot;:&quot;gradient&quot;}\">\n\t\t\t\t\t<div class=\"e-con-inner\">\n\t\t<div class=\"elementor-element elementor-element-5a783f3d e-con-full e-flex wpr-particle-no wpr-jarallax-no wpr-parallax-no wpr-sticky-section-no wpr-column-slider-no wpr-equal-height-no e-con e-child\" data-id=\"5a783f3d\" data-element_type=\"container\" data-e-type=\"container\">\n\t\t\t\t<div class=\"elementor-element elementor-element-73e8e16c elementor-widget elementor-widget-heading\" data-id=\"73e8e16c\" data-element_type=\"widget\" data-e-type=\"widget\" data-widget_type=\"heading.default\">\n\t\t\t\t<div class=\"elementor-widget-container\">\n\t\t\t\t\t<h1 class=\"elementor-heading-title elementor-size-default\">LES \u00c9COLES PARTENAIRES DE LA TOULON PROVENCE REGATTA<\/h1>\t\t\t\t<\/div>\n\t\t\t\t<\/div>\n\t\t\t\t<\/div>\n\t\t<div class=\"elementor-element elementor-element-3d806da8 e-con-full e-flex wpr-particle-no wpr-jarallax-no wpr-parallax-no wpr-sticky-section-no wpr-column-slider-no wpr-equal-height-no e-con e-child\" data-id=\"3d806da8\" data-element_type=\"container\" data-e-type=\"container\">\n\t\t\t\t<div class=\"elementor-element elementor-element-7b233479 elementor-widget elementor-widget-heading\" data-id=\"7b233479\" data-element_type=\"widget\" data-e-type=\"widget\" data-widget_type=\"heading.default\">\n\t\t\t\t<div class=\"elementor-widget-container\">\n\t\t\t\t\t<h2 class=\"elementor-heading-title elementor-size-default\">EDITION 2027<\/h2>\t\t\t\t<\/div>\n\t\t\t\t<\/div>\n\t\t\t\t<div class=\"elementor-element elementor-element-15c80af5 elementor-countdown--label-block elementor-widget elementor-widget-countdown\" data-id=\"15c80af5\" data-element_type=\"widget\" data-e-type=\"widget\" data-widget_type=\"countdown.default\">\n\t\t\t\t<div class=\"elementor-widget-container\">\n\t\t\t\t\t\t\t<div class=\"elementor-countdown-wrapper\" data-date=\"1810188000\">\n\t\t\t<div class=\"elementor-countdown-item\"><span class=\"elementor-countdown-digits elementor-countdown-days\"><\/span> <span class=\"elementor-countdown-label\">Jours<\/span><\/div><div class=\"elementor-countdown-item\"><span class=\"elementor-countdown-digits elementor-countdown-hours\"><\/span> <span class=\"elementor-countdown-label\">Heures<\/span><\/div><div class=\"elementor-countdown-item\"><span class=\"elementor-countdown-digits elementor-countdown-minutes\"><\/span> <span class=\"elementor-countdown-label\">Minutes<\/span><\/div><div class=\"elementor-countdown-item\"><span class=\"elementor-countdown-digits elementor-countdown-seconds\"><\/span> <span class=\"elementor-countdown-label\">Secondes<\/span><\/div>\t\t<\/div>\n\t\t\t\t\t\t<\/div>\n\t\t\t\t<\/div>\n\t\t\t\t<\/div>\n\t\t\t\t\t<\/div>\n\t\t\t\t<\/div>\n\t\t<div class=\"elementor-element elementor-element-30098f2 e-flex e-con-boxed wpr-particle-no wpr-jarallax-no wpr-parallax-no wpr-sticky-section-no wpr-column-slider-no wpr-equal-height-no e-con e-parent\" data-id=\"30098f2\" data-element_type=\"container\" data-e-type=\"container\" data-settings=\"{&quot;background_background&quot;:&quot;classic&quot;}\">\n\t\t\t\t\t<div class=\"e-con-inner\">\n\t\t\t\t<div class=\"elementor-element elementor-element-9408730 elementor-widget elementor-widget-heading\" data-id=\"9408730\" data-element_type=\"widget\" data-e-type=\"widget\" data-widget_type=\"heading.default\">\n\t\t\t\t<div class=\"elementor-widget-container\">\n\t\t\t\t\t<h2 class=\"elementor-heading-title elementor-size-default\">Les \u00e9coles de M\u00c9TROPOLE TOULON PROVENCE M\u00c9DITERRAN\u00c9E participent \u00e0 la Toulon Provence Regatta!<\/h2>\t\t\t\t<\/div>\n\t\t\t\t<\/div>\n\t\t\t\t<div class=\"elementor-element elementor-element-0716289 elementor-widget elementor-widget-text-editor\" data-id=\"0716289\" data-element_type=\"widget\" data-e-type=\"widget\" data-widget_type=\"text-editor.default\">\n\t\t\t\t<div class=\"elementor-widget-container\">\n\t\t\t\t\t\t\t\t\t<p>L&rsquo;attention \u00e0 l&rsquo;impact soci\u00e9tal et \u00e0 l&rsquo;\u00e9ducation est un de nos engagements pour la Toulon Provence Regatta.<\/p><p>Nous impliquons les jeunes varois sur diff\u00e9rentes aspects de l&rsquo;\u00e9v\u00e8nement.<\/p><p>D\u00e9couvrez les actions men\u00e9es ensemble.<\/p>\t\t\t\t\t\t\t\t<\/div>\n\t\t\t\t<\/div>\n\t\t\t\t\t<\/div>\n\t\t\t\t<\/div>\n\t\t<div class=\"elementor-element elementor-element-2139b85 e-flex e-con-boxed wpr-particle-no wpr-jarallax-no wpr-parallax-no wpr-sticky-section-no wpr-column-slider-no wpr-equal-height-no e-con e-parent\" data-id=\"2139b85\" data-element_type=\"container\" data-e-type=\"container\">\n\t\t\t\t\t<div class=\"e-con-inner\">\n\t\t<div class=\"elementor-element elementor-element-8fdeb31 e-con-full elementor-hidden-mobile e-flex wpr-particle-no wpr-jarallax-no wpr-parallax-no wpr-sticky-section-no wpr-column-slider-no wpr-equal-height-no e-con e-child\" data-id=\"8fdeb31\" data-element_type=\"container\" data-e-type=\"container\">\n\t\t<div class=\"elementor-element elementor-element-c5076c4 e-con-full e-flex wpr-particle-no wpr-jarallax-no wpr-parallax-no wpr-sticky-section-no wpr-column-slider-no wpr-equal-height-no e-con e-child\" data-id=\"c5076c4\" data-element_type=\"container\" data-e-type=\"container\">\n\t\t\t\t<div class=\"elementor-element elementor-element-a182420 elementor-widget elementor-widget-image\" data-id=\"a182420\" data-element_type=\"widget\" data-e-type=\"widget\" data-widget_type=\"image.default\">\n\t\t\t\t<div class=\"elementor-widget-container\">\n\t\t\t\t\t\t\t\t\t\t\t\t\t\t\t<img fetchpriority=\"high\" decoding=\"async\" width=\"1823\" height=\"1509\" src=\"https:\/\/toulonprovenceregatta.fr\/wp-content\/uploads\/2025\/01\/tourache-3.jpg\" class=\"attachment-full size-full wp-image-1320\" alt=\"\" srcset=\"https:\/\/toulonprovenceregatta.fr\/wp-content\/uploads\/2025\/01\/tourache-3.jpg 1823w, https:\/\/toulonprovenceregatta.fr\/wp-content\/uploads\/2025\/01\/tourache-3-300x248.jpg 300w, https:\/\/toulonprovenceregatta.fr\/wp-content\/uploads\/2025\/01\/tourache-3-1024x848.jpg 1024w, https:\/\/toulonprovenceregatta.fr\/wp-content\/uploads\/2025\/01\/tourache-3-768x636.jpg 768w, https:\/\/toulonprovenceregatta.fr\/wp-content\/uploads\/2025\/01\/tourache-3-1536x1271.jpg 1536w, https:\/\/toulonprovenceregatta.fr\/wp-content\/uploads\/2025\/01\/tourache-3-14x12.jpg 14w\" sizes=\"(max-width: 1823px) 100vw, 1823px\" \/>\t\t\t\t\t\t\t\t\t\t\t\t\t\t\t<\/div>\n\t\t\t\t<\/div>\n\t\t\t\t<\/div>\n\t\t<div class=\"elementor-element elementor-element-895f2ad e-con-full e-flex wpr-particle-no wpr-jarallax-no wpr-parallax-no wpr-sticky-section-no wpr-column-slider-no wpr-equal-height-no e-con e-child\" data-id=\"895f2ad\" data-element_type=\"container\" data-e-type=\"container\">\n\t\t\t\t<div class=\"elementor-element elementor-element-4e8ecd9 elementor-widget elementor-widget-heading\" data-id=\"4e8ecd9\" data-element_type=\"widget\" data-e-type=\"widget\" data-widget_type=\"heading.default\">\n\t\t\t\t<div class=\"elementor-widget-container\">\n\t\t\t\t\t<h2 class=\"elementor-heading-title elementor-size-default\">Lyc\u00e9e de la Grande Tourrache :<\/h2>\t\t\t\t<\/div>\n\t\t\t\t<\/div>\n\t\t\t\t<div class=\"elementor-element elementor-element-cebf198 elementor-widget elementor-widget-text-editor\" data-id=\"cebf198\" data-element_type=\"widget\" data-e-type=\"widget\" data-widget_type=\"text-editor.default\">\n\t\t\t\t<div class=\"elementor-widget-container\">\n\t\t\t\t\t\t\t\t\t<h5><em>Design des affiches et logo<\/em><\/h5>\t\t\t\t\t\t\t\t<\/div>\n\t\t\t\t<\/div>\n\t\t\t\t<div class=\"elementor-element elementor-element-86b5db3 elementor-widget elementor-widget-text-editor\" data-id=\"86b5db3\" data-element_type=\"widget\" data-e-type=\"widget\" data-widget_type=\"text-editor.default\">\n\t\t\t\t<div class=\"elementor-widget-container\">\n\t\t\t\t\t\t\t\t\t<p>Depuis 2024, un concours est lanc\u00e9 chaque ann\u00e9e pour cr\u00e9er l\u2019affiche officielle de la Toulon Provenceavec les \u00e9l\u00e8ves du lyc\u00e9e de la Grande Tourrache.<\/p>\t\t\t\t\t\t\t\t<\/div>\n\t\t\t\t<\/div>\n\t\t\t\t<div class=\"elementor-element elementor-element-103a996 elementor-align-center elementor-widget elementor-widget-button\" data-id=\"103a996\" data-element_type=\"widget\" data-e-type=\"widget\" data-widget_type=\"button.default\">\n\t\t\t\t<div class=\"elementor-widget-container\">\n\t\t\t\t\t\t\t\t\t<div class=\"elementor-button-wrapper\">\n\t\t\t\t\t<a class=\"elementor-button elementor-button-link elementor-size-sm\" href=\"https:\/\/toulonprovenceregatta.fr\/affiche-tpr\/\" target=\"_blank\">\n\t\t\t\t\t\t<span class=\"elementor-button-content-wrapper\">\n\t\t\t\t\t\t\t\t\t<span class=\"elementor-button-text\">D\u00e9couvrir les affiches officielles de la Toulon Provence Regatta<\/span>\n\t\t\t\t\t<\/span>\n\t\t\t\t\t<\/a>\n\t\t\t\t<\/div>\n\t\t\t\t\t\t\t\t<\/div>\n\t\t\t\t<\/div>\n\t\t\t\t<\/div>\n\t\t\t\t<\/div>\n\t\t<div class=\"elementor-element elementor-element-7d57ac8 e-con-full elementor-hidden-desktop elementor-hidden-tablet e-flex wpr-particle-no wpr-jarallax-no wpr-parallax-no wpr-sticky-section-no wpr-column-slider-no wpr-equal-height-no e-con e-child\" data-id=\"7d57ac8\" data-element_type=\"container\" data-e-type=\"container\">\n\t\t<div class=\"elementor-element elementor-element-273ab5a e-con-full e-flex wpr-particle-no wpr-jarallax-no wpr-parallax-no wpr-sticky-section-no wpr-column-slider-no wpr-equal-height-no e-con e-child\" data-id=\"273ab5a\" data-element_type=\"container\" data-e-type=\"container\">\n\t\t\t\t<div class=\"elementor-element elementor-element-3ded76c elementor-widget elementor-widget-image\" data-id=\"3ded76c\" data-element_type=\"widget\" data-e-type=\"widget\" data-widget_type=\"image.default\">\n\t\t\t\t<div class=\"elementor-widget-container\">\n\t\t\t\t\t\t\t\t\t\t\t\t\t\t\t<img fetchpriority=\"high\" decoding=\"async\" width=\"1823\" height=\"1509\" src=\"https:\/\/toulonprovenceregatta.fr\/wp-content\/uploads\/2025\/01\/tourache-3.jpg\" class=\"attachment-full size-full wp-image-1320\" alt=\"\" srcset=\"https:\/\/toulonprovenceregatta.fr\/wp-content\/uploads\/2025\/01\/tourache-3.jpg 1823w, https:\/\/toulonprovenceregatta.fr\/wp-content\/uploads\/2025\/01\/tourache-3-300x248.jpg 300w, https:\/\/toulonprovenceregatta.fr\/wp-content\/uploads\/2025\/01\/tourache-3-1024x848.jpg 1024w, https:\/\/toulonprovenceregatta.fr\/wp-content\/uploads\/2025\/01\/tourache-3-768x636.jpg 768w, https:\/\/toulonprovenceregatta.fr\/wp-content\/uploads\/2025\/01\/tourache-3-1536x1271.jpg 1536w, https:\/\/toulonprovenceregatta.fr\/wp-content\/uploads\/2025\/01\/tourache-3-14x12.jpg 14w\" sizes=\"(max-width: 1823px) 100vw, 1823px\" \/>\t\t\t\t\t\t\t\t\t\t\t\t\t\t\t<\/div>\n\t\t\t\t<\/div>\n\t\t\t\t<\/div>\n\t\t<div class=\"elementor-element elementor-element-e9b6dfe e-con-full e-flex wpr-particle-no wpr-jarallax-no wpr-parallax-no wpr-sticky-section-no wpr-column-slider-no wpr-equal-height-no e-con e-child\" data-id=\"e9b6dfe\" data-element_type=\"container\" data-e-type=\"container\">\n\t\t\t\t<div class=\"elementor-element elementor-element-e243446 elementor-widget elementor-widget-heading\" data-id=\"e243446\" data-element_type=\"widget\" data-e-type=\"widget\" data-widget_type=\"heading.default\">\n\t\t\t\t<div class=\"elementor-widget-container\">\n\t\t\t\t\t<h2 class=\"elementor-heading-title elementor-size-default\">Lyc\u00e9e de la Grande Tourrache :<\/h2>\t\t\t\t<\/div>\n\t\t\t\t<\/div>\n\t\t\t\t<div class=\"elementor-element elementor-element-266ef25 elementor-widget elementor-widget-text-editor\" data-id=\"266ef25\" data-element_type=\"widget\" data-e-type=\"widget\" data-widget_type=\"text-editor.default\">\n\t\t\t\t<div class=\"elementor-widget-container\">\n\t\t\t\t\t\t\t\t\t<h5><em>Design des affiches et logo<\/em><\/h5>\t\t\t\t\t\t\t\t<\/div>\n\t\t\t\t<\/div>\n\t\t\t\t<div class=\"elementor-element elementor-element-5b98ab3 elementor-widget elementor-widget-text-editor\" data-id=\"5b98ab3\" data-element_type=\"widget\" data-e-type=\"widget\" data-widget_type=\"text-editor.default\">\n\t\t\t\t<div class=\"elementor-widget-container\">\n\t\t\t\t\t\t\t\t\t<p>Un concours est lanc\u00e9 pour cr\u00e9er l\u2019affiche de la seconde \u00e9dition de l\u2019\u00e9v\u00e9nement avec les \u00e9l\u00e8ves du lyc\u00e9e de la Grande Tourrache.<\/p><p>La remise des prix aura eu lieu en f\u00e9vrier 2025 devant l\u2019ensemble des b\u00e9n\u00e9voles r\u00e9unis au Palais Neptune \u00e0 Toulon.<\/p>\t\t\t\t\t\t\t\t<\/div>\n\t\t\t\t<\/div>\n\t\t\t\t<\/div>\n\t\t\t\t<\/div>\n\t\t\t\t\t<\/div>\n\t\t\t\t<\/div>\n\t\t<div class=\"elementor-element elementor-element-81b09d8 elementor-hidden-mobile e-flex e-con-boxed wpr-particle-no wpr-jarallax-no wpr-parallax-no wpr-sticky-section-no wpr-column-slider-no wpr-equal-height-no e-con e-parent\" data-id=\"81b09d8\" data-element_type=\"container\" data-e-type=\"container\">\n\t\t\t\t\t<div class=\"e-con-inner\">\n\t\t<div class=\"elementor-element elementor-element-22fd0c8 e-con-full e-flex wpr-particle-no wpr-jarallax-no wpr-parallax-no wpr-sticky-section-no wpr-column-slider-no wpr-equal-height-no e-con e-child\" data-id=\"22fd0c8\" data-element_type=\"container\" data-e-type=\"container\">\n\t\t<div class=\"elementor-element elementor-element-6f4a4f4 e-con-full e-flex wpr-particle-no wpr-jarallax-no wpr-parallax-no wpr-sticky-section-no wpr-column-slider-no wpr-equal-height-no e-con e-child\" data-id=\"6f4a4f4\" data-element_type=\"container\" data-e-type=\"container\">\n\t\t\t\t<div class=\"elementor-element elementor-element-6c93474 elementor-widget elementor-widget-heading\" data-id=\"6c93474\" data-element_type=\"widget\" data-e-type=\"widget\" data-widget_type=\"heading.default\">\n\t\t\t\t<div class=\"elementor-widget-container\">\n\t\t\t\t\t<h2 class=\"elementor-heading-title elementor-size-default\">IUT MMI - Universit\u00e9 de Toulon :<\/h2>\t\t\t\t<\/div>\n\t\t\t\t<\/div>\n\t\t\t\t<div class=\"elementor-element elementor-element-032a123 elementor-widget elementor-widget-text-editor\" data-id=\"032a123\" data-element_type=\"widget\" data-e-type=\"widget\" data-widget_type=\"text-editor.default\">\n\t\t\t\t<div class=\"elementor-widget-container\">\n\t\t\t\t\t\t\t\t\t<h5><em>Projet de r\u00e9novation de notre site Internet<\/em><\/h5>\t\t\t\t\t\t\t\t<\/div>\n\t\t\t\t<\/div>\n\t\t\t\t<div class=\"elementor-element elementor-element-93e7a2d elementor-widget elementor-widget-text-editor\" data-id=\"93e7a2d\" data-element_type=\"widget\" data-e-type=\"widget\" data-widget_type=\"text-editor.default\">\n\t\t\t\t<div class=\"elementor-widget-container\">\n\t\t\t\t\t\t\t\t\t<p>En 2025, un groupe de 12 \u00e9tudiants en alternance du d\u00e9partement MMI de l&rsquo;IUT Toulon, ont r\u00e9alis\u00e9 un projet de r\u00e9novation de notre site Internet dans le cadre de leurs SAE.<\/p><p>Notre site internet a connu des \u00e9volutions depuis mais la base du site a \u00e9t\u00e9 r\u00e9alis\u00e9 par les \u00e9tudiants.<\/p>\t\t\t\t\t\t\t\t<\/div>\n\t\t\t\t<\/div>\n\t\t\t\t<\/div>\n\t\t<div class=\"elementor-element elementor-element-6dc9777 e-con-full e-flex wpr-particle-no wpr-jarallax-no wpr-parallax-no wpr-sticky-section-no wpr-column-slider-no wpr-equal-height-no e-con e-child\" data-id=\"6dc9777\" data-element_type=\"container\" data-e-type=\"container\">\n\t\t\t\t<div class=\"elementor-element elementor-element-0cb1bbe elementor-widget elementor-widget-image\" data-id=\"0cb1bbe\" data-element_type=\"widget\" data-e-type=\"widget\" data-widget_type=\"image.default\">\n\t\t\t\t<div class=\"elementor-widget-container\">\n\t\t\t\t\t\t\t\t\t\t\t\t\t\t\t<img decoding=\"async\" width=\"800\" height=\"534\" src=\"https:\/\/toulonprovenceregatta.fr\/wp-content\/uploads\/2025\/01\/iut-1024x683.jpg\" class=\"attachment-large size-large wp-image-1332\" alt=\"\" srcset=\"https:\/\/toulonprovenceregatta.fr\/wp-content\/uploads\/2025\/01\/iut-1024x683.jpg 1024w, https:\/\/toulonprovenceregatta.fr\/wp-content\/uploads\/2025\/01\/iut-300x200.jpg 300w, https:\/\/toulonprovenceregatta.fr\/wp-content\/uploads\/2025\/01\/iut-768x512.jpg 768w, https:\/\/toulonprovenceregatta.fr\/wp-content\/uploads\/2025\/01\/iut-1536x1024.jpg 1536w, https:\/\/toulonprovenceregatta.fr\/wp-content\/uploads\/2025\/01\/iut-18x12.jpg 18w, https:\/\/toulonprovenceregatta.fr\/wp-content\/uploads\/2025\/01\/iut.jpg 1920w\" sizes=\"(max-width: 800px) 100vw, 800px\" \/>\t\t\t\t\t\t\t\t\t\t\t\t\t\t\t<\/div>\n\t\t\t\t<\/div>\n\t\t\t\t<\/div>\n\t\t\t\t<\/div>\n\t\t\t\t\t<\/div>\n\t\t\t\t<\/div>\n\t\t<div class=\"elementor-element elementor-element-bf7ebb9 elementor-hidden-desktop elementor-hidden-tablet e-flex e-con-boxed wpr-particle-no wpr-jarallax-no wpr-parallax-no wpr-sticky-section-no wpr-column-slider-no wpr-equal-height-no e-con e-parent\" data-id=\"bf7ebb9\" data-element_type=\"container\" data-e-type=\"container\">\n\t\t\t\t\t<div class=\"e-con-inner\">\n\t\t<div class=\"elementor-element elementor-element-7d6c878 e-con-full e-flex wpr-particle-no wpr-jarallax-no wpr-parallax-no wpr-sticky-section-no wpr-column-slider-no wpr-equal-height-no e-con e-child\" data-id=\"7d6c878\" data-element_type=\"container\" data-e-type=\"container\">\n\t\t<div class=\"elementor-element elementor-element-8b8ff49 e-con-full e-flex wpr-particle-no wpr-jarallax-no wpr-parallax-no wpr-sticky-section-no wpr-column-slider-no wpr-equal-height-no e-con e-child\" data-id=\"8b8ff49\" data-element_type=\"container\" data-e-type=\"container\">\n\t\t<div class=\"elementor-element elementor-element-bf08d80 e-con-full e-flex wpr-particle-no wpr-jarallax-no wpr-parallax-no wpr-sticky-section-no wpr-column-slider-no wpr-equal-height-no e-con e-child\" data-id=\"bf08d80\" data-element_type=\"container\" data-e-type=\"container\">\n\t\t\t\t<div class=\"elementor-element elementor-element-82269fc elementor-widget elementor-widget-image\" data-id=\"82269fc\" data-element_type=\"widget\" data-e-type=\"widget\" data-widget_type=\"image.default\">\n\t\t\t\t<div class=\"elementor-widget-container\">\n\t\t\t\t\t\t\t\t\t\t\t\t\t\t\t<img decoding=\"async\" width=\"800\" height=\"534\" src=\"https:\/\/toulonprovenceregatta.fr\/wp-content\/uploads\/2025\/01\/iut-1024x683.jpg\" class=\"attachment-large size-large wp-image-1332\" alt=\"\" srcset=\"https:\/\/toulonprovenceregatta.fr\/wp-content\/uploads\/2025\/01\/iut-1024x683.jpg 1024w, https:\/\/toulonprovenceregatta.fr\/wp-content\/uploads\/2025\/01\/iut-300x200.jpg 300w, https:\/\/toulonprovenceregatta.fr\/wp-content\/uploads\/2025\/01\/iut-768x512.jpg 768w, https:\/\/toulonprovenceregatta.fr\/wp-content\/uploads\/2025\/01\/iut-1536x1024.jpg 1536w, https:\/\/toulonprovenceregatta.fr\/wp-content\/uploads\/2025\/01\/iut-18x12.jpg 18w, https:\/\/toulonprovenceregatta.fr\/wp-content\/uploads\/2025\/01\/iut.jpg 1920w\" sizes=\"(max-width: 800px) 100vw, 800px\" \/>\t\t\t\t\t\t\t\t\t\t\t\t\t\t\t<\/div>\n\t\t\t\t<\/div>\n\t\t\t\t<\/div>\n\t\t\t\t<div class=\"elementor-element elementor-element-095539f elementor-widget elementor-widget-heading\" data-id=\"095539f\" data-element_type=\"widget\" data-e-type=\"widget\" data-widget_type=\"heading.default\">\n\t\t\t\t<div class=\"elementor-widget-container\">\n\t\t\t\t\t<h2 class=\"elementor-heading-title elementor-size-default\">IUT MMI - Universit\u00e9 de Toulon :<\/h2>\t\t\t\t<\/div>\n\t\t\t\t<\/div>\n\t\t\t\t<div class=\"elementor-element elementor-element-65cd33c elementor-widget elementor-widget-text-editor\" data-id=\"65cd33c\" data-element_type=\"widget\" data-e-type=\"widget\" data-widget_type=\"text-editor.default\">\n\t\t\t\t<div class=\"elementor-widget-container\">\n\t\t\t\t\t\t\t\t\t<h5><em>Projet de r\u00e9novation de notre site Internet<\/em><\/h5>\t\t\t\t\t\t\t\t<\/div>\n\t\t\t\t<\/div>\n\t\t\t\t<div class=\"elementor-element elementor-element-dcd58d6 elementor-widget elementor-widget-text-editor\" data-id=\"dcd58d6\" data-element_type=\"widget\" data-e-type=\"widget\" data-widget_type=\"text-editor.default\">\n\t\t\t\t<div class=\"elementor-widget-container\">\n\t\t\t\t\t\t\t\t\t<p>Un groupe de 12 \u00e9tudiants en alternance du d\u00e9partement MMI de l&rsquo;IUT Toulon, r\u00e9alise un projet de r\u00e9novation de notre site Internet dans le cadre de leurs SAE. Ce projet sera pr\u00e9sent\u00e9 \u00e0 la fin janvier 2025.<\/p>\t\t\t\t\t\t\t\t<\/div>\n\t\t\t\t<\/div>\n\t\t\t\t<\/div>\n\t\t\t\t<\/div>\n\t\t\t\t\t<\/div>\n\t\t\t\t<\/div>\n\t\t<div class=\"elementor-element elementor-element-f55f305 e-flex e-con-boxed wpr-particle-no wpr-jarallax-no wpr-parallax-no wpr-sticky-section-no wpr-column-slider-no wpr-equal-height-no e-con e-parent\" data-id=\"f55f305\" data-element_type=\"container\" data-e-type=\"container\">\n\t\t\t\t\t<div class=\"e-con-inner\">\n\t\t<div class=\"elementor-element elementor-element-b6b3645 e-con-full elementor-hidden-desktop elementor-hidden-tablet e-flex wpr-particle-no wpr-jarallax-no wpr-parallax-no wpr-sticky-section-no wpr-column-slider-no wpr-equal-height-no e-con e-child\" data-id=\"b6b3645\" data-element_type=\"container\" data-e-type=\"container\">\n\t\t<div class=\"elementor-element elementor-element-7756d4c e-con-full e-flex wpr-particle-no wpr-jarallax-no wpr-parallax-no wpr-sticky-section-no wpr-column-slider-no wpr-equal-height-no e-con e-child\" data-id=\"7756d4c\" data-element_type=\"container\" data-e-type=\"container\">\n\t\t<div class=\"elementor-element elementor-element-e3ff97d e-con-full e-flex wpr-particle-no wpr-jarallax-no wpr-parallax-no wpr-sticky-section-no wpr-column-slider-no wpr-equal-height-no e-con e-child\" data-id=\"e3ff97d\" data-element_type=\"container\" data-e-type=\"container\">\n\t\t<div class=\"elementor-element elementor-element-14bba87 e-con-full e-flex wpr-particle-no wpr-jarallax-no wpr-parallax-no wpr-sticky-section-no wpr-column-slider-no wpr-equal-height-no e-con e-child\" data-id=\"14bba87\" data-element_type=\"container\" data-e-type=\"container\">\n\t\t\t\t<div class=\"elementor-element elementor-element-b610cf4 elementor-widget elementor-widget-image\" data-id=\"b610cf4\" data-element_type=\"widget\" data-e-type=\"widget\" data-widget_type=\"image.default\">\n\t\t\t\t<div class=\"elementor-widget-container\">\n\t\t\t\t\t\t\t\t\t\t\t\t\t\t\t<img decoding=\"async\" width=\"800\" height=\"488\" src=\"https:\/\/toulonprovenceregatta.fr\/wp-content\/uploads\/2025\/01\/primaire-1024x625.jpg\" class=\"attachment-large size-large wp-image-1370\" alt=\"\" srcset=\"https:\/\/toulonprovenceregatta.fr\/wp-content\/uploads\/2025\/01\/primaire-1024x625.jpg 1024w, https:\/\/toulonprovenceregatta.fr\/wp-content\/uploads\/2025\/01\/primaire-300x183.jpg 300w, https:\/\/toulonprovenceregatta.fr\/wp-content\/uploads\/2025\/01\/primaire-768x469.jpg 768w, https:\/\/toulonprovenceregatta.fr\/wp-content\/uploads\/2025\/01\/primaire-1536x938.jpg 1536w, https:\/\/toulonprovenceregatta.fr\/wp-content\/uploads\/2025\/01\/primaire-18x12.jpg 18w, https:\/\/toulonprovenceregatta.fr\/wp-content\/uploads\/2025\/01\/primaire.jpg 1800w\" sizes=\"(max-width: 800px) 100vw, 800px\" \/>\t\t\t\t\t\t\t\t\t\t\t\t\t\t\t<\/div>\n\t\t\t\t<\/div>\n\t\t\t\t<\/div>\n\t\t\t\t<div class=\"elementor-element elementor-element-a18ffaf elementor-widget elementor-widget-heading\" data-id=\"a18ffaf\" data-element_type=\"widget\" data-e-type=\"widget\" data-widget_type=\"heading.default\">\n\t\t\t\t<div class=\"elementor-widget-container\">\n\t\t\t\t\t<h2 class=\"elementor-heading-title elementor-size-default\">Ecoles primaires de MTPM :<\/h2>\t\t\t\t<\/div>\n\t\t\t\t<\/div>\n\t\t\t\t<div class=\"elementor-element elementor-element-16efea5 elementor-widget elementor-widget-text-editor\" data-id=\"16efea5\" data-element_type=\"widget\" data-e-type=\"widget\" data-widget_type=\"text-editor.default\">\n\t\t\t\t<div class=\"elementor-widget-container\">\n\t\t\t\t\t\t\t\t\t<h5><em>Parrainage des voiliers<\/em><\/h5>\t\t\t\t\t\t\t\t<\/div>\n\t\t\t\t<\/div>\n\t\t\t\t<div class=\"elementor-element elementor-element-1f25cab elementor-widget elementor-widget-text-editor\" data-id=\"1f25cab\" data-element_type=\"widget\" data-e-type=\"widget\" data-widget_type=\"text-editor.default\">\n\t\t\t\t<div class=\"elementor-widget-container\">\n\t\t\t\t\t\t\t\t\t<p>Certaines classes des \u00e9coles primaires de MTPM parraineront un voilier et r\u00e9aliseront leur panneau de pr\u00e9sentation visible au public. Ils pourront \u00e9galement venir visiter ces voiliers lors de la matin\u00e9e scolaire pr\u00e9vue lors de l&rsquo;\u00e9v\u00e9nement.<\/p>\t\t\t\t\t\t\t\t<\/div>\n\t\t\t\t<\/div>\n\t\t\t\t<\/div>\n\t\t\t\t<\/div>\n\t\t\t\t<\/div>\n\t\t<div class=\"elementor-element elementor-element-a0a7fc1 e-con-full elementor-hidden-mobile e-flex wpr-particle-no wpr-jarallax-no wpr-parallax-no wpr-sticky-section-no wpr-column-slider-no wpr-equal-height-no e-con e-child\" data-id=\"a0a7fc1\" data-element_type=\"container\" data-e-type=\"container\">\n\t\t<div class=\"elementor-element elementor-element-e4675a7 e-con-full e-flex wpr-particle-no wpr-jarallax-no wpr-parallax-no wpr-sticky-section-no wpr-column-slider-no wpr-equal-height-no e-con e-child\" data-id=\"e4675a7\" data-element_type=\"container\" data-e-type=\"container\">\n\t\t<div class=\"elementor-element elementor-element-9ab049b e-con-full e-flex wpr-particle-no wpr-jarallax-no wpr-parallax-no wpr-sticky-section-no wpr-column-slider-no wpr-equal-height-no e-con e-child\" data-id=\"9ab049b\" data-element_type=\"container\" data-e-type=\"container\">\n\t\t\t\t<div class=\"elementor-element elementor-element-a9cd17a elementor-widget elementor-widget-heading\" data-id=\"a9cd17a\" data-element_type=\"widget\" data-e-type=\"widget\" data-widget_type=\"heading.default\">\n\t\t\t\t<div class=\"elementor-widget-container\">\n\t\t\t\t\t<h2 class=\"elementor-heading-title elementor-size-default\">Ecoles primaires de MTPM :<\/h2>\t\t\t\t<\/div>\n\t\t\t\t<\/div>\n\t\t\t\t<div class=\"elementor-element elementor-element-1d5b725 elementor-widget elementor-widget-text-editor\" data-id=\"1d5b725\" data-element_type=\"widget\" data-e-type=\"widget\" data-widget_type=\"text-editor.default\">\n\t\t\t\t<div class=\"elementor-widget-container\">\n\t\t\t\t\t\t\t\t\t<h5><em>Participation aux matin\u00e9es scolaires<\/em><\/h5>\t\t\t\t\t\t\t\t<\/div>\n\t\t\t\t<\/div>\n\t\t\t\t<div class=\"elementor-element elementor-element-f11cf08 elementor-widget elementor-widget-text-editor\" data-id=\"f11cf08\" data-element_type=\"widget\" data-e-type=\"widget\" data-widget_type=\"text-editor.default\">\n\t\t\t\t<div class=\"elementor-widget-container\">\n\t\t\t\t\t\t\t\t\t<p>Certaines classes des \u00e9coles primaires de MTPM vont participer aux deux matin\u00e9es organis\u00e9es \u00e0 destination des scolaires.<\/p><p>Elles pourront notamment venir visiter les voiliers, participer \u00e0 diff\u00e9rents ateliers et d\u00e9couvrir des expos comme le \u00ab\u00a0Parcours de la Mer\u00a0\u00bb tout au long du port.<\/p>\t\t\t\t\t\t\t\t<\/div>\n\t\t\t\t<\/div>\n\t\t\t\t<\/div>\n\t\t<div class=\"elementor-element elementor-element-eba7a20 e-con-full e-flex wpr-particle-no wpr-jarallax-no wpr-parallax-no wpr-sticky-section-no wpr-column-slider-no wpr-equal-height-no e-con e-child\" data-id=\"eba7a20\" data-element_type=\"container\" data-e-type=\"container\">\n\t\t\t\t<div class=\"elementor-element elementor-element-40ebcab elementor-widget elementor-widget-image\" data-id=\"40ebcab\" data-element_type=\"widget\" data-e-type=\"widget\" data-widget_type=\"image.default\">\n\t\t\t\t<div class=\"elementor-widget-container\">\n\t\t\t\t\t\t\t\t\t\t\t\t\t\t\t<img decoding=\"async\" width=\"800\" height=\"488\" src=\"https:\/\/toulonprovenceregatta.fr\/wp-content\/uploads\/2025\/01\/primaire-1024x625.jpg\" class=\"attachment-large size-large wp-image-1370\" alt=\"\" srcset=\"https:\/\/toulonprovenceregatta.fr\/wp-content\/uploads\/2025\/01\/primaire-1024x625.jpg 1024w, https:\/\/toulonprovenceregatta.fr\/wp-content\/uploads\/2025\/01\/primaire-300x183.jpg 300w, https:\/\/toulonprovenceregatta.fr\/wp-content\/uploads\/2025\/01\/primaire-768x469.jpg 768w, https:\/\/toulonprovenceregatta.fr\/wp-content\/uploads\/2025\/01\/primaire-1536x938.jpg 1536w, https:\/\/toulonprovenceregatta.fr\/wp-content\/uploads\/2025\/01\/primaire-18x12.jpg 18w, https:\/\/toulonprovenceregatta.fr\/wp-content\/uploads\/2025\/01\/primaire.jpg 1800w\" sizes=\"(max-width: 800px) 100vw, 800px\" \/>\t\t\t\t\t\t\t\t\t\t\t\t\t\t\t<\/div>\n\t\t\t\t<\/div>\n\t\t\t\t<\/div>\n\t\t\t\t<\/div>\n\t\t\t\t<\/div>\n\t\t\t\t\t<\/div>\n\t\t\t\t<\/div>\n\t\t<div class=\"elementor-element elementor-element-a5dad1e e-flex e-con-boxed wpr-particle-no wpr-jarallax-no wpr-parallax-no wpr-sticky-section-no wpr-column-slider-no wpr-equal-height-no e-con e-parent\" data-id=\"a5dad1e\" data-element_type=\"container\" data-e-type=\"container\" data-settings=\"{&quot;background_background&quot;:&quot;classic&quot;}\">\n\t\t\t\t\t<div class=\"e-con-inner\">\n\t\t\t\t<div class=\"elementor-element elementor-element-185b0cc elementor-widget elementor-widget-spacer\" data-id=\"185b0cc\" data-element_type=\"widget\" data-e-type=\"widget\" data-widget_type=\"spacer.default\">\n\t\t\t\t<div class=\"elementor-widget-container\">\n\t\t\t\t\t\t\t<div class=\"elementor-spacer\">\n\t\t\t<div class=\"elementor-spacer-inner\"><\/div>\n\t\t<\/div>\n\t\t\t\t\t\t<\/div>\n\t\t\t\t<\/div>\n\t\t\t\t<div class=\"elementor-element elementor-element-546113a elementor-align-center elementor-widget elementor-widget-button\" data-id=\"546113a\" data-element_type=\"widget\" data-e-type=\"widget\" data-widget_type=\"button.default\">\n\t\t\t\t<div class=\"elementor-widget-container\">\n\t\t\t\t\t\t\t\t\t<div class=\"elementor-button-wrapper\">\n\t\t\t\t\t<a class=\"elementor-button elementor-button-link elementor-size-sm\" href=\"https:\/\/toulonprovenceregatta.fr\/ecoles-partenaires-2024\/\">\n\t\t\t\t\t\t<span class=\"elementor-button-content-wrapper\">\n\t\t\t\t\t\t\t\t\t<span class=\"elementor-button-text\">Les \u00e9coles participantes en 2024<\/span>\n\t\t\t\t\t<\/span>\n\t\t\t\t\t<\/a>\n\t\t\t\t<\/div>\n\t\t\t\t\t\t\t\t<\/div>\n\t\t\t\t<\/div>\n\t\t\t\t<div class=\"elementor-element elementor-element-268a116 elementor-widget elementor-widget-spacer\" data-id=\"268a116\" data-element_type=\"widget\" data-e-type=\"widget\" data-widget_type=\"spacer.default\">\n\t\t\t\t<div class=\"elementor-widget-container\">\n\t\t\t\t\t\t\t<div class=\"elementor-spacer\">\n\t\t\t<div class=\"elementor-spacer-inner\"><\/div>\n\t\t<\/div>\n\t\t\t\t\t\t<\/div>\n\t\t\t\t<\/div>\n\t\t\t\t\t<\/div>\n\t\t\t\t<\/div>\n\t\t\t\t<\/div>\n\t\t","protected":false},"excerpt":{"rendered":"<p>PARTNER SCHOOLS OF THE 2027 TOULON PROVENCE REGATTA Days Hours Minutes Seconds Schools in the M\u00c9TROPOLE TOULON PROVENCE M\u00c9DITERRAN\u00c9E are taking part in the Toulon Provence Regatta! A focus on social impact and education is one of our commitments for the Toulon Provence Regatta. We involve young people from the Var region in various aspects of the event. Find out about the initiatives we\u2019re running together. Lyc\u00e9e de la Grande Tourrache: Poster and logo design Since 2024, an annual competition has been held to create the official poster for the Toulon Provence Regatta with pupils from the Lyc\u00e9e de la Grande Tourrache. View the official posters of the Toulon Provence Regatta Lyc\u00e9e de la Grande Tourrache: Poster and logo design A competition was launched to create the poster for the second edition of the event with pupils from the Lyc\u00e9e de la Grande Tourrache. The awards ceremony took place in February 2025 in front of all the volunteers gathered at the Palais Neptune in Toulon. IUT MMI \u2013 University of Toulon: Website redesign project In 2025, a group of 12 work-study students from the MMI department at IUT Toulon carried out a project to redesign our website as part of their SAE (student enterprise) programme. Our website has undergone further developments since then, but the core structure of the site was built by the students. IUT MMI \u2013 University of Toulon: Website Redesign Project A group of 12 work-study students from the MMI department at IUT Toulon are carrying out a website redesign project as part of their SAE placements. This project will be presented at the end of January 2025. MTPM primary schools: Sailing boat sponsorship Certain classes from MTPM\u2019s primary schools will sponsor a sailing boat and create their own display board for the public to see. They will also be able to visit these sailing boats during the school morning session scheduled as part of the event. MTPM primary schools: Participation in school mornings Certain classes from MTPM\u2019s primary schools will take part in the two mornings organised for schoolchildren. In particular, they will be able to visit the sailing boats, take part in various workshops and explore exhibitions such as the \u00abParcours de la Mer\u00bb (Sea Trail) along the harbour. Participating schools in 2024<\/p>","protected":false},"author":14,"featured_media":0,"parent":0,"menu_order":0,"comment_status":"closed","ping_status":"closed","template":"","meta":{"_acf_changed":false,"footnotes":""},"class_list":["post-21","page","type-page","status-publish","hentry"],"acf":[],"yoast_head":"<!-- This site is optimized with the Yoast SEO plugin v28.3 - https:\/\/yoast.com\/product\/yoast-seo-wordpress\/ -->\n<title>Les \u00e9coles partenaires - Toulon Provence Regatta<\/title>\n<meta name=\"description\" content=\"D\u00e9couvrez les \u00e9coles partenaires de Toulon Provence Regatta. Collaboration \u00e9ducative et engagement pour l&#039;avenir de la voile et des sports nautiques !\" \/>\n<meta name=\"robots\" content=\"index, follow, max-snippet:-1, max-image-preview:large, max-video-preview:-1\" \/>\n<link rel=\"canonical\" href=\"https:\/\/toulonprovenceregatta.fr\/en\/ecoles-partenaires\/\" \/>\n<meta property=\"og:locale\" content=\"en_GB\" \/>\n<meta property=\"og:type\" content=\"article\" \/>\n<meta property=\"og:title\" content=\"Les \u00e9coles partenaires - Toulon Provence Regatta\" \/>\n<meta property=\"og:description\" content=\"D\u00e9couvrez les \u00e9coles partenaires de Toulon Provence Regatta. Collaboration \u00e9ducative et engagement pour l&#039;avenir de la voile et des sports nautiques !\" \/>\n<meta property=\"og:url\" content=\"https:\/\/toulonprovenceregatta.fr\/en\/ecoles-partenaires\/\" \/>\n<meta property=\"og:site_name\" content=\"Toulon Provence Regatta\" \/>\n<meta property=\"article:publisher\" content=\"https:\/\/www.facebook.com\/toulonprovenceregatta\" \/>\n<meta property=\"article:modified_time\" content=\"2026-08-31T11:43:10+00:00\" \/>\n<meta property=\"og:image\" content=\"https:\/\/toulonprovenceregatta.fr\/wp-content\/uploads\/2025\/01\/tourache-3.jpg\" \/>\n\t<meta property=\"og:image:width\" content=\"1823\" \/>\n\t<meta property=\"og:image:height\" content=\"1509\" \/>\n\t<meta property=\"og:image:type\" content=\"image\/jpeg\" \/>\n<meta name=\"twitter:card\" content=\"summary_large_image\" \/>\n<meta name=\"twitter:label1\" content=\"Estimated reading time\" \/>\n\t<meta name=\"twitter:data1\" content=\"4 minutes\" \/>\n<script type=\"application\/ld+json\" class=\"yoast-schema-graph\">{\"@context\":\"https:\\\/\\\/schema.org\",\"@graph\":[{\"@type\":\"WebPage\",\"@id\":\"https:\\\/\\\/toulonprovenceregatta.fr\\\/ecoles-partenaires\\\/\",\"url\":\"https:\\\/\\\/toulonprovenceregatta.fr\\\/ecoles-partenaires\\\/\",\"name\":\"Les \u00e9coles partenaires - Toulon Provence Regatta\",\"isPartOf\":{\"@id\":\"https:\\\/\\\/toulonprovenceregatta.fr\\\/#website\"},\"primaryImageOfPage\":{\"@id\":\"https:\\\/\\\/toulonprovenceregatta.fr\\\/ecoles-partenaires\\\/#primaryimage\"},\"image\":{\"@id\":\"https:\\\/\\\/toulonprovenceregatta.fr\\\/ecoles-partenaires\\\/#primaryimage\"},\"thumbnailUrl\":\"https:\\\/\\\/toulonprovenceregatta.fr\\\/wp-content\\\/uploads\\\/2025\\\/01\\\/tourache-3.jpg\",\"datePublished\":\"2024-11-22T17:11:34+00:00\",\"dateModified\":\"2026-08-31T11:43:10+00:00\",\"description\":\"D\u00e9couvrez les \u00e9coles partenaires de Toulon Provence Regatta. Collaboration \u00e9ducative et engagement pour l'avenir de la voile et des sports nautiques !\",\"breadcrumb\":{\"@id\":\"https:\\\/\\\/toulonprovenceregatta.fr\\\/ecoles-partenaires\\\/#breadcrumb\"},\"inLanguage\":\"en-GB\",\"potentialAction\":[{\"@type\":\"ReadAction\",\"target\":[\"https:\\\/\\\/toulonprovenceregatta.fr\\\/ecoles-partenaires\\\/\"]}]},{\"@type\":\"ImageObject\",\"inLanguage\":\"en-GB\",\"@id\":\"https:\\\/\\\/toulonprovenceregatta.fr\\\/ecoles-partenaires\\\/#primaryimage\",\"url\":\"https:\\\/\\\/toulonprovenceregatta.fr\\\/wp-content\\\/uploads\\\/2025\\\/01\\\/tourache-3.jpg\",\"contentUrl\":\"https:\\\/\\\/toulonprovenceregatta.fr\\\/wp-content\\\/uploads\\\/2025\\\/01\\\/tourache-3.jpg\"},{\"@type\":\"BreadcrumbList\",\"@id\":\"https:\\\/\\\/toulonprovenceregatta.fr\\\/ecoles-partenaires\\\/#breadcrumb\",\"itemListElement\":[{\"@type\":\"ListItem\",\"position\":1,\"name\":\"Accueil\",\"item\":\"https:\\\/\\\/toulonprovenceregatta.fr\\\/\"},{\"@type\":\"ListItem\",\"position\":2,\"name\":\"Les \u00e9coles partenaires\"}]},{\"@type\":\"WebSite\",\"@id\":\"https:\\\/\\\/toulonprovenceregatta.fr\\\/#website\",\"url\":\"https:\\\/\\\/toulonprovenceregatta.fr\\\/\",\"name\":\"Toulon Provence Regatta\",\"description\":\"\",\"publisher\":{\"@id\":\"https:\\\/\\\/toulonprovenceregatta.fr\\\/#organization\"},\"alternateName\":\"TPR\",\"potentialAction\":[{\"@type\":\"SearchAction\",\"target\":{\"@type\":\"EntryPoint\",\"urlTemplate\":\"https:\\\/\\\/toulonprovenceregatta.fr\\\/?s={search_term_string}\"},\"query-input\":{\"@type\":\"PropertyValueSpecification\",\"valueRequired\":true,\"valueName\":\"search_term_string\"}}],\"inLanguage\":\"en-GB\"},{\"@type\":\"Organization\",\"@id\":\"https:\\\/\\\/toulonprovenceregatta.fr\\\/#organization\",\"name\":\"Toulon Provence Regatta\",\"url\":\"https:\\\/\\\/toulonprovenceregatta.fr\\\/\",\"logo\":{\"@type\":\"ImageObject\",\"inLanguage\":\"en-GB\",\"@id\":\"https:\\\/\\\/toulonprovenceregatta.fr\\\/#\\\/schema\\\/logo\\\/image\\\/\",\"url\":\"https:\\\/\\\/toulonprovenceregatta.fr\\\/wp-content\\\/uploads\\\/2026\\\/04\\\/TPR-Logo-Bleu-Fond-Transparent.png\",\"contentUrl\":\"https:\\\/\\\/toulonprovenceregatta.fr\\\/wp-content\\\/uploads\\\/2026\\\/04\\\/TPR-Logo-Bleu-Fond-Transparent.png\",\"width\":3662,\"height\":3325,\"caption\":\"Toulon Provence Regatta\"},\"image\":{\"@id\":\"https:\\\/\\\/toulonprovenceregatta.fr\\\/#\\\/schema\\\/logo\\\/image\\\/\"},\"sameAs\":[\"https:\\\/\\\/www.facebook.com\\\/toulonprovenceregatta\",\"https:\\\/\\\/www.instagram.com\\\/toulonprovenceregatta\\\/\",\"https:\\\/\\\/www.linkedin.com\\\/company\\\/toulonprovenceregatta\",\"https:\\\/\\\/www.youtube.com\\\/@ToulonProvenceRegatta\"]}]}<\/script>\n<!-- \/ Yoast SEO plugin. -->","yoast_head_json":{"title":"Partner Schools - Toulon Provence Regatta","description":"Discover the partner schools of Toulon Provence Regatta. Educational collaboration and commitment to the future of sailing and water sports!","robots":{"index":"index","follow":"follow","max-snippet":"max-snippet:-1","max-image-preview":"max-image-preview:large","max-video-preview":"max-video-preview:-1"},"canonical":"https:\/\/toulonprovenceregatta.fr\/en\/ecoles-partenaires\/","og_locale":"en_GB","og_type":"article","og_title":"Les \u00e9coles partenaires - Toulon Provence Regatta","og_description":"D\u00e9couvrez les \u00e9coles partenaires de Toulon Provence Regatta. Collaboration \u00e9ducative et engagement pour l'avenir de la voile et des sports nautiques !","og_url":"https:\/\/toulonprovenceregatta.fr\/en\/ecoles-partenaires\/","og_site_name":"Toulon Provence Regatta","article_publisher":"https:\/\/www.facebook.com\/toulonprovenceregatta","article_modified_time":"2026-08-31T11:43:10+00:00","og_image":[{"width":1823,"height":1509,"url":"https:\/\/toulonprovenceregatta.fr\/wp-content\/uploads\/2025\/01\/tourache-3.jpg","type":"image\/jpeg"}],"twitter_card":"summary_large_image","twitter_misc":{"Estimated reading time":"4 minutes"},"schema":{"@context":"https:\/\/schema.org","@graph":[{"@type":"WebPage","@id":"https:\/\/toulonprovenceregatta.fr\/ecoles-partenaires\/","url":"https:\/\/toulonprovenceregatta.fr\/ecoles-partenaires\/","name":"Partner Schools - Toulon Provence Regatta","isPartOf":{"@id":"https:\/\/toulonprovenceregatta.fr\/#website"},"primaryImageOfPage":{"@id":"https:\/\/toulonprovenceregatta.fr\/ecoles-partenaires\/#primaryimage"},"image":{"@id":"https:\/\/toulonprovenceregatta.fr\/ecoles-partenaires\/#primaryimage"},"thumbnailUrl":"https:\/\/toulonprovenceregatta.fr\/wp-content\/uploads\/2025\/01\/tourache-3.jpg","datePublished":"2024-11-22T17:11:34+00:00","dateModified":"2026-08-31T11:43:10+00:00","description":"Discover the partner schools of Toulon Provence Regatta. Educational collaboration and commitment to the future of sailing and water sports!","breadcrumb":{"@id":"https:\/\/toulonprovenceregatta.fr\/ecoles-partenaires\/#breadcrumb"},"inLanguage":"en-GB","potentialAction":[{"@type":"ReadAction","target":["https:\/\/toulonprovenceregatta.fr\/ecoles-partenaires\/"]}]},{"@type":"ImageObject","inLanguage":"en-GB","@id":"https:\/\/toulonprovenceregatta.fr\/ecoles-partenaires\/#primaryimage","url":"https:\/\/toulonprovenceregatta.fr\/wp-content\/uploads\/2025\/01\/tourache-3.jpg","contentUrl":"https:\/\/toulonprovenceregatta.fr\/wp-content\/uploads\/2025\/01\/tourache-3.jpg"},{"@type":"BreadcrumbList","@id":"https:\/\/toulonprovenceregatta.fr\/ecoles-partenaires\/#breadcrumb","itemListElement":[{"@type":"ListItem","position":1,"name":"Accueil","item":"https:\/\/toulonprovenceregatta.fr\/"},{"@type":"ListItem","position":2,"name":"Les \u00e9coles partenaires"}]},{"@type":"WebSite","@id":"https:\/\/toulonprovenceregatta.fr\/#website","url":"https:\/\/toulonprovenceregatta.fr\/","name":"Toulon Provence Regatta","description":"","publisher":{"@id":"https:\/\/toulonprovenceregatta.fr\/#organization"},"alternateName":"TPR","potentialAction":[{"@type":"SearchAction","target":{"@type":"EntryPoint","urlTemplate":"https:\/\/toulonprovenceregatta.fr\/?s={search_term_string}"},"query-input":{"@type":"PropertyValueSpecification","valueRequired":true,"valueName":"search_term_string"}}],"inLanguage":"en-GB"},{"@type":"Organization","@id":"https:\/\/toulonprovenceregatta.fr\/#organization","name":"Toulon Provence Regatta","url":"https:\/\/toulonprovenceregatta.fr\/","logo":{"@type":"ImageObject","inLanguage":"en-GB","@id":"https:\/\/toulonprovenceregatta.fr\/#\/schema\/logo\/image\/","url":"https:\/\/toulonprovenceregatta.fr\/wp-content\/uploads\/2026\/04\/TPR-Logo-Bleu-Fond-Transparent.png","contentUrl":"https:\/\/toulonprovenceregatta.fr\/wp-content\/uploads\/2026\/04\/TPR-Logo-Bleu-Fond-Transparent.png","width":3662,"height":3325,"caption":"Toulon Provence Regatta"},"image":{"@id":"https:\/\/toulonprovenceregatta.fr\/#\/schema\/logo\/image\/"},"sameAs":["https:\/\/www.facebook.com\/toulonprovenceregatta","https:\/\/www.instagram.com\/toulonprovenceregatta\/","https:\/\/www.linkedin.com\/company\/toulonprovenceregatta","https:\/\/www.youtube.com\/@ToulonProvenceRegatta"]}]}},"_links":{"self":[{"href":"https:\/\/toulonprovenceregatta.fr\/en\/wp-json\/wp\/v2\/pages\/21","targetHints":{"allow":["GET"]}}],"collection":[{"href":"https:\/\/toulonprovenceregatta.fr\/en\/wp-json\/wp\/v2\/pages"}],"about":[{"href":"https:\/\/toulonprovenceregatta.fr\/en\/wp-json\/wp\/v2\/types\/page"}],"author":[{"embeddable":true,"href":"https:\/\/toulonprovenceregatta.fr\/en\/wp-json\/wp\/v2\/users\/14"}],"replies":[{"embeddable":true,"href":"https:\/\/toulonprovenceregatta.fr\/en\/wp-json\/wp\/v2\/comments?post=21"}],"version-history":[{"count":59,"href":"https:\/\/toulonprovenceregatta.fr\/en\/wp-json\/wp\/v2\/pages\/21\/revisions"}],"predecessor-version":[{"id":10467,"href":"https:\/\/toulonprovenceregatta.fr\/en\/wp-json\/wp\/v2\/pages\/21\/revisions\/10467"}],"wp:attachment":[{"href":"https:\/\/toulonprovenceregatta.fr\/en\/wp-json\/wp\/v2\/media?parent=21"}],"curies":[{"name":"wp","href":"https:\/\/api.w.org\/{rel}","templated":true}]}}