{"id":12,"date":"2024-11-22T14:33:31","date_gmt":"2024-11-22T13:33:31","guid":{"rendered":"http:\/\/toulonh.cluster027.hosting.ovh.net\/?page_id=12"},"modified":"2026-08-31T14:01:00","modified_gmt":"2026-08-31T12:01:00","slug":"accueil","status":"publish","type":"page","link":"https:\/\/toulonprovenceregatta.fr\/en\/","title":{"rendered":"Home"},"content":{"rendered":"\t\t<div data-elementor-type=\"wp-page\" data-elementor-id=\"12\" class=\"elementor elementor-12\" data-elementor-post-type=\"page\">\n\t\t\t\t<div class=\"elementor-element elementor-element-c65d6ae e-con-full e-flex wpr-particle-no wpr-jarallax-no wpr-parallax-no wpr-sticky-section-no wpr-column-slider-no wpr-equal-height-no e-con e-parent\" data-id=\"c65d6ae\" data-element_type=\"container\" data-e-type=\"container\">\n\t\t\t\t<div class=\"elementor-element elementor-element-60b4321 elementor-widget elementor-widget-html\" data-id=\"60b4321\" data-element_type=\"widget\" data-e-type=\"widget\" data-widget_type=\"html.default\">\n\t\t\t\t<div class=\"elementor-widget-container\">\n\t\t\t\t\t<style>\n  .tpr-ticker-container {\n    width: 100%;\n    background-color: #D9436B; \/* Bleu marine TPR - Ajustez selon votre charte *\/\n    color: #FFFFFF;\n    padding: 12px 0;\n    overflow: hidden;\n    white-space: nowrap;\n    box-sizing: border-box;\n  }\n  \n  .tpr-ticker-text {\n    display: inline-block;\n    padding-left: 100%;\n    animation: tpr-marquee 25s linear infinite;\n    font-weight: bold;\n    font-size: 22px;\n    letter-spacing: 1px;\n  }\n  \n  .tpr-ticker-text:hover {\n    animation-play-state: paused; \/* Met le d\u00e9filement en pause au survol de la souris *\/\n  }\n\n  @keyframes tpr-marquee {\n    0%   { transform: translate(0, 0); }\n    100% { transform: translate(-100%, 0); }\n  }\n<\/style>\n\n<div class=\"tpr-ticker-container\">\n  <div class=\"tpr-ticker-text\">\n    SAVE THE DATE \u2014 La Toulon Provence Regatta revient du 13 au 16 mai 2027 ! \u26f5\ufe0f &nbsp;&nbsp;&nbsp;&nbsp;\u2022&nbsp;&nbsp;&nbsp;&nbsp;  SAVE THE DATE \u2014 La Toulon Provence Regatta revient du 13 au 16 mai 2027 ! \u26f5\ufe0f\n  <\/div>\n<\/div>\t\t\t\t<\/div>\n\t\t\t\t<\/div>\n\t\t\t\t<\/div>\n\t\t<div class=\"elementor-element elementor-element-42224c16 e-flex e-con-boxed wpr-particle-no wpr-jarallax-no wpr-parallax-no wpr-sticky-section-no wpr-column-slider-no wpr-equal-height-no e-con e-parent\" data-id=\"42224c16\" data-element_type=\"container\" data-e-type=\"container\" data-settings=\"{&quot;background_background&quot;:&quot;slideshow&quot;,&quot;background_slideshow_gallery&quot;:[{&quot;id&quot;:3626,&quot;url&quot;:&quot;https:\\\/\\\/toulonprovenceregatta.fr\\\/wp-content\\\/uploads\\\/2025\\\/01\\\/baniere-v1.1-e1761565008654.jpg&quot;}],&quot;background_slideshow_loop&quot;:&quot;yes&quot;,&quot;background_slideshow_slide_duration&quot;:5000,&quot;background_slideshow_slide_transition&quot;:&quot;fade&quot;,&quot;background_slideshow_transition_duration&quot;:500}\">\n\t\t\t\t\t<div class=\"e-con-inner\">\n\t\t\t\t\t<\/div>\n\t\t\t\t<\/div>\n\t\t<div class=\"elementor-element elementor-element-1a3fe307 e-flex e-con-boxed wpr-particle-no wpr-jarallax-no wpr-parallax-no wpr-sticky-section-no wpr-column-slider-no wpr-equal-height-no e-con e-parent\" data-id=\"1a3fe307\" data-element_type=\"container\" data-e-type=\"container\" data-settings=\"{&quot;background_background&quot;:&quot;classic&quot;}\">\n\t\t\t\t\t<div class=\"e-con-inner\">\n\t\t<div class=\"elementor-element elementor-element-3f1a02e e-con-full e-flex wpr-particle-no wpr-jarallax-no wpr-parallax-no wpr-sticky-section-no wpr-column-slider-no wpr-equal-height-no e-con e-child\" data-id=\"3f1a02e\" data-element_type=\"container\" data-e-type=\"container\" data-settings=\"{&quot;background_background&quot;:&quot;slideshow&quot;,&quot;background_slideshow_gallery&quot;:[],&quot;background_slideshow_loop&quot;:&quot;yes&quot;,&quot;background_slideshow_slide_duration&quot;:5000,&quot;background_slideshow_slide_transition&quot;:&quot;fade&quot;,&quot;background_slideshow_transition_duration&quot;:500}\">\n\t\t\t\t<div class=\"elementor-element elementor-element-5c2d0f8 elementor-widget elementor-widget-image\" data-id=\"5c2d0f8\" data-element_type=\"widget\" data-e-type=\"widget\" data-widget_type=\"image.default\">\n\t\t\t\t<div class=\"elementor-widget-container\">\n\t\t\t\t\t\t\t\t\t\t\t\t\t\t\t<img fetchpriority=\"high\" decoding=\"async\" width=\"800\" height=\"730\" src=\"https:\/\/toulonprovenceregatta.fr\/wp-content\/uploads\/2025\/01\/logo-1-1024x935.png\" class=\"attachment-large size-large wp-image-3787\" alt=\"Logo de la Toulon Provence Regatta\" srcset=\"https:\/\/toulonprovenceregatta.fr\/wp-content\/uploads\/2025\/01\/logo-1-1024x935.png 1024w, https:\/\/toulonprovenceregatta.fr\/wp-content\/uploads\/2025\/01\/logo-1-300x274.png 300w, https:\/\/toulonprovenceregatta.fr\/wp-content\/uploads\/2025\/01\/logo-1-768x702.png 768w, https:\/\/toulonprovenceregatta.fr\/wp-content\/uploads\/2025\/01\/logo-1-1536x1403.png 1536w, https:\/\/toulonprovenceregatta.fr\/wp-content\/uploads\/2025\/01\/logo-1-2048x1871.png 2048w, https:\/\/toulonprovenceregatta.fr\/wp-content\/uploads\/2025\/01\/logo-1-13x12.png 13w\" sizes=\"(max-width: 800px) 100vw, 800px\" \/>\t\t\t\t\t\t\t\t\t\t\t\t\t\t\t<\/div>\n\t\t\t\t<\/div>\n\t\t\t\t<\/div>\n\t\t<div class=\"elementor-element elementor-element-6c5bb746 e-con-full e-flex wpr-particle-no wpr-jarallax-no wpr-parallax-no wpr-sticky-section-no wpr-column-slider-no wpr-equal-height-no e-con e-child\" data-id=\"6c5bb746\" data-element_type=\"container\" data-e-type=\"container\">\n\t\t<div class=\"elementor-element elementor-element-64bd3176 e-con-full e-flex wpr-particle-no wpr-jarallax-no wpr-parallax-no wpr-sticky-section-no wpr-column-slider-no wpr-equal-height-no e-con e-child\" data-id=\"64bd3176\" data-element_type=\"container\" data-e-type=\"container\">\n\t\t\t\t<div class=\"elementor-element elementor-element-913c220 elementor-widget elementor-widget-image\" data-id=\"913c220\" data-element_type=\"widget\" data-e-type=\"widget\" data-widget_type=\"image.default\">\n\t\t\t\t<div class=\"elementor-widget-container\">\n\t\t\t\t\t\t\t\t\t\t\t\t\t\t\t<img decoding=\"async\" width=\"262\" height=\"300\" src=\"https:\/\/toulonprovenceregatta.fr\/wp-content\/uploads\/2025\/01\/Horloge_v14x-262x300.png\" class=\"attachment-medium size-medium wp-image-2602\" alt=\"Ic\u00f4ne de chronom\u00e8tre\" srcset=\"https:\/\/toulonprovenceregatta.fr\/wp-content\/uploads\/2025\/01\/Horloge_v14x-262x300.png 262w, https:\/\/toulonprovenceregatta.fr\/wp-content\/uploads\/2025\/01\/Horloge_v14x-10x12.png 10w, https:\/\/toulonprovenceregatta.fr\/wp-content\/uploads\/2025\/01\/Horloge_v14x.png 523w\" sizes=\"(max-width: 262px) 100vw, 262px\" \/>\t\t\t\t\t\t\t\t\t\t\t\t\t\t\t<\/div>\n\t\t\t\t<\/div>\n\t\t\t\t<\/div>\n\t\t<div class=\"elementor-element elementor-element-a161f54 e-con-full e-flex wpr-particle-no wpr-jarallax-no wpr-parallax-no wpr-sticky-section-no wpr-column-slider-no wpr-equal-height-no e-con e-child\" data-id=\"a161f54\" data-element_type=\"container\" data-e-type=\"container\">\n\t\t\t\t<div class=\"elementor-element elementor-element-d8dd460 elementor-widget elementor-widget-heading\" data-id=\"d8dd460\" data-element_type=\"widget\" data-e-type=\"widget\" data-widget_type=\"heading.default\">\n\t\t\t\t<div class=\"elementor-widget-container\">\n\t\t\t\t\t<h2 class=\"elementor-heading-title elementor-size-default\">\u00c9DITION 2027<\/h2>\t\t\t\t<\/div>\n\t\t\t\t<\/div>\n\t\t\t\t<div class=\"elementor-element elementor-element-337b79d elementor-widget__width-initial elementor-countdown--label-block elementor-widget elementor-widget-countdown\" data-id=\"337b79d\" data-element_type=\"widget\" data-e-type=\"widget\" data-widget_type=\"countdown.default\">\n\t\t\t\t<div class=\"elementor-widget-container\">\n\t\t\t\t\t\t\t<div class=\"elementor-countdown-wrapper\" data-date=\"1810188000\">\n\t\t\t<div class=\"elementor-countdown-item\"><span class=\"elementor-countdown-digits elementor-countdown-days\"><\/span> <span class=\"elementor-countdown-label\">Jours<\/span><\/div><div class=\"elementor-countdown-item\"><span class=\"elementor-countdown-digits elementor-countdown-hours\"><\/span> <span class=\"elementor-countdown-label\">Heures<\/span><\/div><div class=\"elementor-countdown-item\"><span class=\"elementor-countdown-digits elementor-countdown-minutes\"><\/span> <span class=\"elementor-countdown-label\">Minutes<\/span><\/div><div class=\"elementor-countdown-item\"><span class=\"elementor-countdown-digits elementor-countdown-seconds\"><\/span> <span class=\"elementor-countdown-label\">Secondes<\/span><\/div>\t\t<\/div>\n\t\t\t\t\t\t<\/div>\n\t\t\t\t<\/div>\n\t\t\t\t<\/div>\n\t\t\t\t<\/div>\n\t\t\t\t\t<\/div>\n\t\t\t\t<\/div>\n\t\t<div class=\"elementor-element elementor-element-33faee1 e-con-full e-flex wpr-particle-no wpr-jarallax-no wpr-parallax-no wpr-sticky-section-no wpr-column-slider-no wpr-equal-height-no e-con e-parent\" data-id=\"33faee1\" data-element_type=\"container\" data-e-type=\"container\">\n\t\t\t\t<div class=\"elementor-element elementor-element-736012d elementor-widget elementor-widget-spacer\" data-id=\"736012d\" data-element_type=\"widget\" data-e-type=\"widget\" data-widget_type=\"spacer.default\">\n\t\t\t\t<div class=\"elementor-widget-container\">\n\t\t\t\t\t\t\t<div class=\"elementor-spacer\">\n\t\t\t<div class=\"elementor-spacer-inner\"><\/div>\n\t\t<\/div>\n\t\t\t\t\t\t<\/div>\n\t\t\t\t<\/div>\n\t\t\t\t<div class=\"elementor-element elementor-element-edae9cd elementor-shape-circle elementor-grid-0 e-grid-align-center elementor-widget elementor-widget-social-icons\" data-id=\"edae9cd\" data-element_type=\"widget\" data-e-type=\"widget\" data-widget_type=\"social-icons.default\">\n\t\t\t\t<div class=\"elementor-widget-container\">\n\t\t\t\t\t\t\t<div class=\"elementor-social-icons-wrapper elementor-grid\" role=\"list\">\n\t\t\t\t\t\t\t<span class=\"elementor-grid-item\" role=\"listitem\">\n\t\t\t\t\t<a class=\"elementor-icon elementor-social-icon elementor-social-icon-facebook elementor-repeater-item-15f348a\" href=\"https:\/\/www.facebook.com\/toulonprovenceregatta\" target=\"_blank\">\n\t\t\t\t\t\t<span class=\"elementor-screen-only\">Facebook<\/span>\n\t\t\t\t\t\t<svg aria-hidden=\"true\" class=\"e-font-icon-svg e-fab-facebook\" viewBox=\"0 0 512 512\" xmlns=\"http:\/\/www.w3.org\/2000\/svg\"><path d=\"M504 256C504 119 393 8 256 8S8 119 8 256c0 123.78 90.69 226.38 209.25 245V327.69h-63V256h63v-54.64c0-62.15 37-96.48 93.67-96.48 27.14 0 55.52 4.84 55.52 4.84v61h-31.28c-30.8 0-40.41 19.12-40.41 38.73V256h68.78l-11 71.69h-57.78V501C413.31 482.38 504 379.78 504 256z\"><\/path><\/svg>\t\t\t\t\t<\/a>\n\t\t\t\t<\/span>\n\t\t\t\t\t\t\t<span class=\"elementor-grid-item\" role=\"listitem\">\n\t\t\t\t\t<a class=\"elementor-icon elementor-social-icon elementor-social-icon-instagram elementor-repeater-item-124a6a5\" href=\"https:\/\/www.instagram.com\/toulonprovenceregatta\/\" target=\"_blank\">\n\t\t\t\t\t\t<span class=\"elementor-screen-only\">Instagram<\/span>\n\t\t\t\t\t\t<svg aria-hidden=\"true\" class=\"e-font-icon-svg e-fab-instagram\" viewBox=\"0 0 448 512\" xmlns=\"http:\/\/www.w3.org\/2000\/svg\"><path d=\"M224.1 141c-63.6 0-114.9 51.3-114.9 114.9s51.3 114.9 114.9 114.9S339 319.5 339 255.9 287.7 141 224.1 141zm0 189.6c-41.1 0-74.7-33.5-74.7-74.7s33.5-74.7 74.7-74.7 74.7 33.5 74.7 74.7-33.6 74.7-74.7 74.7zm146.4-194.3c0 14.9-12 26.8-26.8 26.8-14.9 0-26.8-12-26.8-26.8s12-26.8 26.8-26.8 26.8 12 26.8 26.8zm76.1 27.2c-1.7-35.9-9.9-67.7-36.2-93.9-26.2-26.2-58-34.4-93.9-36.2-37-2.1-147.9-2.1-184.9 0-35.8 1.7-67.6 9.9-93.9 36.1s-34.4 58-36.2 93.9c-2.1 37-2.1 147.9 0 184.9 1.7 35.9 9.9 67.7 36.2 93.9s58 34.4 93.9 36.2c37 2.1 147.9 2.1 184.9 0 35.9-1.7 67.7-9.9 93.9-36.2 26.2-26.2 34.4-58 36.2-93.9 2.1-37 2.1-147.8 0-184.8zM398.8 388c-7.8 19.6-22.9 34.7-42.6 42.6-29.5 11.7-99.5 9-132.1 9s-102.7 2.6-132.1-9c-19.6-7.8-34.7-22.9-42.6-42.6-11.7-29.5-9-99.5-9-132.1s-2.6-102.7 9-132.1c7.8-19.6 22.9-34.7 42.6-42.6 29.5-11.7 99.5-9 132.1-9s102.7-2.6 132.1 9c19.6 7.8 34.7 22.9 42.6 42.6 11.7 29.5 9 99.5 9 132.1s2.7 102.7-9 132.1z\"><\/path><\/svg>\t\t\t\t\t<\/a>\n\t\t\t\t<\/span>\n\t\t\t\t\t\t\t<span class=\"elementor-grid-item\" role=\"listitem\">\n\t\t\t\t\t<a class=\"elementor-icon elementor-social-icon elementor-social-icon-youtube elementor-repeater-item-2100126\" href=\"https:\/\/www.youtube.com\/@ToulonProvenceRegatta\" target=\"_blank\">\n\t\t\t\t\t\t<span class=\"elementor-screen-only\">Youtube<\/span>\n\t\t\t\t\t\t<svg aria-hidden=\"true\" class=\"e-font-icon-svg e-fab-youtube\" viewBox=\"0 0 576 512\" xmlns=\"http:\/\/www.w3.org\/2000\/svg\"><path d=\"M549.655 124.083c-6.281-23.65-24.787-42.276-48.284-48.597C458.781 64 288 64 288 64S117.22 64 74.629 75.486c-23.497 6.322-42.003 24.947-48.284 48.597-11.412 42.867-11.412 132.305-11.412 132.305s0 89.438 11.412 132.305c6.281 23.65 24.787 41.5 48.284 47.821C117.22 448 288 448 288 448s170.78 0 213.371-11.486c23.497-6.321 42.003-24.171 48.284-47.821 11.412-42.867 11.412-132.305 11.412-132.305s0-89.438-11.412-132.305zm-317.51 213.508V175.185l142.739 81.205-142.739 81.201z\"><\/path><\/svg>\t\t\t\t\t<\/a>\n\t\t\t\t<\/span>\n\t\t\t\t\t\t\t<span class=\"elementor-grid-item\" role=\"listitem\">\n\t\t\t\t\t<a class=\"elementor-icon elementor-social-icon elementor-social-icon-linkedin elementor-repeater-item-095dba1\" href=\"https:\/\/www.linkedin.com\/company\/toulonprovenceregatta\" target=\"_blank\">\n\t\t\t\t\t\t<span class=\"elementor-screen-only\">Linkedin<\/span>\n\t\t\t\t\t\t<svg aria-hidden=\"true\" class=\"e-font-icon-svg e-fab-linkedin\" viewBox=\"0 0 448 512\" xmlns=\"http:\/\/www.w3.org\/2000\/svg\"><path d=\"M416 32H31.9C14.3 32 0 46.5 0 64.3v383.4C0 465.5 14.3 480 31.9 480H416c17.6 0 32-14.5 32-32.3V64.3c0-17.8-14.4-32.3-32-32.3zM135.4 416H69V202.2h66.5V416zm-33.2-243c-21.3 0-38.5-17.3-38.5-38.5S80.9 96 102.2 96c21.2 0 38.5 17.3 38.5 38.5 0 21.3-17.2 38.5-38.5 38.5zm282.1 243h-66.4V312c0-24.8-.5-56.7-34.5-56.7-34.6 0-39.9 27-39.9 54.9V416h-66.4V202.2h63.7v29.2h.9c8.9-16.8 30.6-34.5 62.9-34.5 67.2 0 79.7 44.3 79.7 101.9V416z\"><\/path><\/svg>\t\t\t\t\t<\/a>\n\t\t\t\t<\/span>\n\t\t\t\t\t<\/div>\n\t\t\t\t\t\t<\/div>\n\t\t\t\t<\/div>\n\t\t\t\t<div class=\"elementor-element elementor-element-0e6afef elementor-widget elementor-widget-heading\" data-id=\"0e6afef\" data-element_type=\"widget\" data-e-type=\"widget\" data-widget_type=\"heading.default\">\n\t\t\t\t<div class=\"elementor-widget-container\">\n\t\t\t\t\t<h2 class=\"elementor-heading-title elementor-size-default\">Suivez la Toulon Provence Regatta sur les r\u00e9seaux sociaux!<\/h2>\t\t\t\t<\/div>\n\t\t\t\t<\/div>\n\t\t\t\t<\/div>\n\t\t<div class=\"elementor-element elementor-element-6b09272 e-flex e-con-boxed wpr-particle-no wpr-jarallax-no wpr-parallax-no wpr-sticky-section-no wpr-column-slider-no wpr-equal-height-no e-con e-parent\" data-id=\"6b09272\" data-element_type=\"container\" data-e-type=\"container\">\n\t\t\t\t\t<div class=\"e-con-inner\">\n\t\t\t\t\t<\/div>\n\t\t\t\t<\/div>\n\t\t<div class=\"elementor-element elementor-element-a1d2e70 e-flex e-con-boxed wpr-particle-no wpr-jarallax-no wpr-parallax-no wpr-sticky-section-no wpr-column-slider-no wpr-equal-height-no e-con e-parent\" data-id=\"a1d2e70\" data-element_type=\"container\" data-e-type=\"container\">\n\t\t\t\t\t<div class=\"e-con-inner\">\n\t\t\t\t<div class=\"elementor-element elementor-element-6f86bec elementor-widget elementor-widget-spacer\" data-id=\"6f86bec\" data-element_type=\"widget\" data-e-type=\"widget\" data-widget_type=\"spacer.default\">\n\t\t\t\t<div class=\"elementor-widget-container\">\n\t\t\t\t\t\t\t<div class=\"elementor-spacer\">\n\t\t\t<div class=\"elementor-spacer-inner\"><\/div>\n\t\t<\/div>\n\t\t\t\t\t\t<\/div>\n\t\t\t\t<\/div>\n\t\t\t\t\t<\/div>\n\t\t\t\t<\/div>\n\t\t<div class=\"elementor-element elementor-element-21928a6 e-flex e-con-boxed wpr-particle-no wpr-jarallax-no wpr-parallax-no wpr-sticky-section-no wpr-column-slider-no wpr-equal-height-no e-con e-parent\" data-id=\"21928a6\" data-element_type=\"container\" data-e-type=\"container\">\n\t\t\t\t\t<div class=\"e-con-inner\">\n\t\t<div class=\"elementor-element elementor-element-962e79b e-con-full e-flex wpr-particle-no wpr-jarallax-no wpr-parallax-no wpr-sticky-section-no wpr-column-slider-no wpr-equal-height-no e-con e-child\" data-id=\"962e79b\" data-element_type=\"container\" data-e-type=\"container\">\n\t\t\t\t<div class=\"elementor-element elementor-element-305530f elementor-align-center elementor-widget elementor-widget-button\" data-id=\"305530f\" data-element_type=\"widget\" data-e-type=\"widget\" data-widget_type=\"button.default\">\n\t\t\t\t<div class=\"elementor-widget-container\">\n\t\t\t\t\t\t\t\t\t<div class=\"elementor-button-wrapper\">\n\t\t\t\t\t<a class=\"elementor-button elementor-button-link elementor-size-sm\" href=\"https:\/\/www.calameo.com\/books\/008088755403955003a7b\" target=\"_blank\">\n\t\t\t\t\t\t<span class=\"elementor-button-content-wrapper\">\n\t\t\t\t\t\t\t\t\t<span class=\"elementor-button-text\">Lire le journal de la TPR 2026<\/span>\n\t\t\t\t\t<\/span>\n\t\t\t\t\t<\/a>\n\t\t\t\t<\/div>\n\t\t\t\t\t\t\t\t<\/div>\n\t\t\t\t<\/div>\n\t\t\t\t<\/div>\n\t\t<div class=\"elementor-element elementor-element-a3617c6 e-con-full e-flex wpr-particle-no wpr-jarallax-no wpr-parallax-no wpr-sticky-section-no wpr-column-slider-no wpr-equal-height-no e-con e-child\" data-id=\"a3617c6\" data-element_type=\"container\" data-e-type=\"container\">\n\t\t\t\t<div class=\"elementor-element elementor-element-7223a99 elementor-widget elementor-widget-text-editor\" data-id=\"7223a99\" data-element_type=\"widget\" data-e-type=\"widget\" data-widget_type=\"text-editor.default\">\n\t\t\t\t<div class=\"elementor-widget-container\">\n\t\t\t\t\t\t\t\t\t<p><span style=\"color: #003366;\">Pour vous faire patienter jusqu&rsquo;\u00e0 la <strong>quatri\u00e8me \u00e9dition de la Toulon Provence Regatta qui se d\u00e9roulera du 13 au 16 mai 2027<\/strong>, nous vous proposons de revivre l&rsquo;\u00e9dition 2026 avec ce journal <strong>gratuit<\/strong> vous permet de d\u00e9couvrir en d\u00e9tail le monde de la r\u00e9gate et ses innovations, le patrimoine maritime local et le contenu de la Toulon Provence Regatta. <\/span><\/p><p><strong><span style=\"color: #003366;\">Bonne lecture et bonne TPR \u00e0 vous !\u00a0<\/span><\/strong><\/p>\t\t\t\t\t\t\t\t<\/div>\n\t\t\t\t<\/div>\n\t\t\t\t<\/div>\n\t\t\t\t\t<\/div>\n\t\t\t\t<\/div>\n\t\t<div class=\"elementor-element elementor-element-96b3bd1 e-con-full e-flex wpr-particle-no wpr-jarallax-no wpr-parallax-no wpr-sticky-section-no wpr-column-slider-no wpr-equal-height-no e-con e-parent\" data-id=\"96b3bd1\" data-element_type=\"container\" data-e-type=\"container\">\n\t\t<div class=\"elementor-element elementor-element-7d5684c e-con-full e-flex wpr-particle-no wpr-jarallax-no wpr-parallax-no wpr-sticky-section-no wpr-column-slider-no wpr-equal-height-no e-con e-child\" data-id=\"7d5684c\" data-element_type=\"container\" data-e-type=\"container\">\n\t\t<div class=\"elementor-element elementor-element-ed7d57e e-con-full e-flex wpr-particle-no wpr-jarallax-no wpr-parallax-no wpr-sticky-section-no wpr-column-slider-no wpr-equal-height-no e-con e-child\" data-id=\"ed7d57e\" data-element_type=\"container\" data-e-type=\"container\">\n\t\t\t\t<div class=\"elementor-element elementor-element-e3f371f elementor-widget__width-initial elementor-widget elementor-widget-image\" data-id=\"e3f371f\" data-element_type=\"widget\" data-e-type=\"widget\" data-widget_type=\"image.default\">\n\t\t\t\t<div class=\"elementor-widget-container\">\n\t\t\t\t\t\t\t\t\t\t\t\t\t\t\t<img decoding=\"async\" width=\"738\" height=\"1024\" src=\"https:\/\/toulonprovenceregatta.fr\/wp-content\/uploads\/2026\/04\/2026_Toulon-Provence-REgatta-738x1024.png\" class=\"attachment-large size-large wp-image-9165\" alt=\"Toulon Provence Regatta 2026\" srcset=\"https:\/\/toulonprovenceregatta.fr\/wp-content\/uploads\/2026\/04\/2026_Toulon-Provence-REgatta-738x1024.png 738w, https:\/\/toulonprovenceregatta.fr\/wp-content\/uploads\/2026\/04\/2026_Toulon-Provence-REgatta-216x300.png 216w, https:\/\/toulonprovenceregatta.fr\/wp-content\/uploads\/2026\/04\/2026_Toulon-Provence-REgatta-768x1065.png 768w, https:\/\/toulonprovenceregatta.fr\/wp-content\/uploads\/2026\/04\/2026_Toulon-Provence-REgatta-9x12.png 9w, https:\/\/toulonprovenceregatta.fr\/wp-content\/uploads\/2026\/04\/2026_Toulon-Provence-REgatta.png 910w\" sizes=\"(max-width: 738px) 100vw, 738px\" \/>\t\t\t\t\t\t\t\t\t\t\t\t\t\t\t<\/div>\n\t\t\t\t<\/div>\n\t\t\t\t<\/div>\n\t\t\t\t<div class=\"elementor-element elementor-element-aad028a elementor-widget elementor-widget-spacer\" data-id=\"aad028a\" data-element_type=\"widget\" data-e-type=\"widget\" data-widget_type=\"spacer.default\">\n\t\t\t\t<div class=\"elementor-widget-container\">\n\t\t\t\t\t\t\t<div class=\"elementor-spacer\">\n\t\t\t<div class=\"elementor-spacer-inner\"><\/div>\n\t\t<\/div>\n\t\t\t\t\t\t<\/div>\n\t\t\t\t<\/div>\n\t\t<div class=\"elementor-element elementor-element-2a36b35 e-con-full e-flex wpr-particle-no wpr-jarallax-no wpr-parallax-no wpr-sticky-section-no wpr-column-slider-no wpr-equal-height-no e-con e-child\" data-id=\"2a36b35\" data-element_type=\"container\" data-e-type=\"container\">\n\t\t\t\t<div class=\"elementor-element elementor-element-63d51ca elementor-widget elementor-widget-heading\" data-id=\"63d51ca\" data-element_type=\"widget\" data-e-type=\"widget\" data-widget_type=\"heading.default\">\n\t\t\t\t<div class=\"elementor-widget-container\">\n\t\t\t\t\t<h1 class=\"elementor-heading-title elementor-size-default\">La Toulon Provence Regatta, c'est quoi  ? <\/h1>\t\t\t\t<\/div>\n\t\t\t\t<\/div>\n\t\t\t\t<div class=\"elementor-element elementor-element-ef23161 elementor-widget elementor-widget-text-editor\" data-id=\"ef23161\" data-element_type=\"widget\" data-e-type=\"widget\" data-widget_type=\"text-editor.default\">\n\t\t\t\t<div class=\"elementor-widget-container\">\n\t\t\t\t\t\t\t\t\t<p>Pour sa quatri\u00e8me \u00e9dition, la Toulon Provence Regatta se tiendra du <strong>13 au 16 mai 2027<\/strong>, au c\u0153ur de la rade de Toulon.<\/p><p><strong>\u00c9v\u00e9nement sportif et maritime majeur<\/strong>, la r\u00e9gate rassemble des voiliers classiques et modernes d\u2019exception, v\u00e9ritables t\u00e9moins du patrimoine nautique national et international. Certains de ces yachts mythiques ont marqu\u00e9 l\u2019histoire en participant \u00e0 l\u2019<strong>America\u2019s Cup<\/strong>, plus prestigieuse comp\u00e9tition de voile au monde, ou aux Jeux Olympiques, inscrivant ainsi la r\u00e9gate dans la grande tradition des comp\u00e9titions internationales.<\/p><p>La <strong>Toulon Provence Regatta<\/strong> r\u00e9unit l\u2019ensemble des voiliers de classe internationale m\u00e9trique : 2.4, 5.5, 6, 8, 10 et 12M JI, offrant un <strong>spectacle splendide sur la M\u00e9diterran\u00e9e<\/strong>.<\/p><p>Le 15 mai, un temps fort attendu viendra compl\u00e9ter le programme : l&rsquo;<strong>AI Regatta, une r\u00e9gate innovante qui mettra \u00e0 l\u2019honneur des drones voiliers<\/strong>, combinant esprit sportif, convivialit\u00e9 et modernit\u00e9.<\/p>\t\t\t\t\t\t\t\t<\/div>\n\t\t\t\t<\/div>\n\t\t\t\t<\/div>\n\t\t\t\t<\/div>\n\t\t\t\t<\/div>\n\t\t<div class=\"elementor-element elementor-element-8208f34 e-flex e-con-boxed wpr-particle-no wpr-jarallax-no wpr-parallax-no wpr-sticky-section-no wpr-column-slider-no wpr-equal-height-no e-con e-parent\" data-id=\"8208f34\" data-element_type=\"container\" data-e-type=\"container\">\n\t\t\t\t\t<div class=\"e-con-inner\">\n\t\t\t\t\t<\/div>\n\t\t\t\t<\/div>\n\t\t<div class=\"elementor-element elementor-element-b741d8d e-flex e-con-boxed wpr-particle-no wpr-jarallax-no wpr-parallax-no wpr-sticky-section-no wpr-column-slider-no wpr-equal-height-no e-con e-parent\" data-id=\"b741d8d\" data-element_type=\"container\" data-e-type=\"container\">\n\t\t\t\t\t<div class=\"e-con-inner\">\n\t\t\t\t<div class=\"elementor-element elementor-element-69fb20a elementor-widget elementor-widget-text-editor\" data-id=\"69fb20a\" data-element_type=\"widget\" data-e-type=\"widget\" data-widget_type=\"text-editor.default\">\n\t\t\t\t<div class=\"elementor-widget-container\">\n\t\t\t\t\t\t\t\t\t<p>Pendant quatre jours, Toulon vivra au rythme des r\u00e9gates, des animations et des rencontres :<\/p><ul><li><strong>Comp\u00e9tition sportive de haut niveau<\/strong>, avec la participation d\u2019\u00e9quipages passionn\u00e9s venus de France et de l\u2019\u00e9tranger.<\/li><li>Un <strong>village d\u2019exposants<\/strong> ouvert au public sur le Port de Toulon, lieu de convivialit\u00e9, de d\u00e9couverte et d\u2019\u00e9changes.<\/li><li><span style=\"font-family: var( --e-global-typography-text-font-family ), Sans-serif; font-size: var( --e-global-typography-text-font-size ); text-align: var(--text-align);\">Un <strong>ancrage territorial fort<\/strong>, qui met en lumi\u00e8re la vocation maritime de la ville et contribue \u00e0 son attractivit\u00e9 touristique et \u00e9conomique.<\/span><\/li><li><span style=\"font-family: var( --e-global-typography-text-font-family ), Sans-serif; font-size: var( --e-global-typography-text-font-size ); text-align: var(--text-align);\">Des <strong>moments uniques au Fort Saint-Louis et au Mus\u00e9e de la Marine<\/strong>, sites embl\u00e9matiques de Toulon, qui accueilleront une partie des animations et des activit\u00e9s partenaires, offrant un cadre historique et prestigieux \u00e0 l\u2019\u00e9v\u00e9nement<\/span><\/li><li><span style=\"font-family: var( --e-global-typography-text-font-family ), Sans-serif; font-size: var( --e-global-typography-text-font-size ); text-align: var(--text-align);\">Des <strong>animations accessibles \u00e0 tous<\/strong> : visites de voiliers, bapt\u00eames nautiques, expositions et parcours p\u00e9dagogiques autour de la mer.<\/span><\/li><\/ul>\t\t\t\t\t\t\t\t<\/div>\n\t\t\t\t<\/div>\n\t\t\t\t\t<\/div>\n\t\t\t\t<\/div>\n\t\t<div class=\"elementor-element elementor-element-f79feee e-flex e-con-boxed wpr-particle-no wpr-jarallax-no wpr-parallax-no wpr-sticky-section-no wpr-column-slider-no wpr-equal-height-no e-con e-parent\" data-id=\"f79feee\" data-element_type=\"container\" data-e-type=\"container\">\n\t\t\t\t\t<div class=\"e-con-inner\">\n\t\t\t\t<div class=\"elementor-element elementor-element-85b006b elementor-widget elementor-widget-spacer\" data-id=\"85b006b\" data-element_type=\"widget\" data-e-type=\"widget\" data-widget_type=\"spacer.default\">\n\t\t\t\t<div class=\"elementor-widget-container\">\n\t\t\t\t\t\t\t<div class=\"elementor-spacer\">\n\t\t\t<div class=\"elementor-spacer-inner\"><\/div>\n\t\t<\/div>\n\t\t\t\t\t\t<\/div>\n\t\t\t\t<\/div>\n\t\t\t\t\t<\/div>\n\t\t\t\t<\/div>\n\t\t<div class=\"elementor-element elementor-element-f3fa164 e-flex e-con-boxed wpr-particle-no wpr-jarallax-no wpr-parallax-no wpr-sticky-section-no wpr-column-slider-no wpr-equal-height-no e-con e-parent\" data-id=\"f3fa164\" data-element_type=\"container\" data-e-type=\"container\">\n\t\t\t\t\t<div class=\"e-con-inner\">\n\t\t\t\t<div class=\"elementor-element elementor-element-e72c966 elementor-widget elementor-widget-video\" data-id=\"e72c966\" data-element_type=\"widget\" data-e-type=\"widget\" data-settings=\"{&quot;youtube_url&quot;:&quot;https:\\\/\\\/youtu.be\\\/02lxlQg6gkk?si=GugfMUkORbJNfFZz&quot;,&quot;video_type&quot;:&quot;youtube&quot;,&quot;controls&quot;:&quot;yes&quot;}\" data-widget_type=\"video.default\">\n\t\t\t\t<div class=\"elementor-widget-container\">\n\t\t\t\t\t\t\t<div class=\"elementor-wrapper elementor-open-inline\">\n\t\t\t<div class=\"elementor-video\"><\/div>\t\t<\/div>\n\t\t\t\t\t\t<\/div>\n\t\t\t\t<\/div>\n\t\t\t\t\t<\/div>\n\t\t\t\t<\/div>\n\t\t<div class=\"elementor-element elementor-element-3564006 e-flex e-con-boxed wpr-particle-no wpr-jarallax-no wpr-parallax-no wpr-sticky-section-no wpr-column-slider-no wpr-equal-height-no e-con e-parent\" data-id=\"3564006\" data-element_type=\"container\" data-e-type=\"container\">\n\t\t\t\t\t<div class=\"e-con-inner\">\n\t\t\t\t<div class=\"elementor-element elementor-element-dfa1042 elementor-widget elementor-widget-spacer\" data-id=\"dfa1042\" data-element_type=\"widget\" data-e-type=\"widget\" data-widget_type=\"spacer.default\">\n\t\t\t\t<div class=\"elementor-widget-container\">\n\t\t\t\t\t\t\t<div class=\"elementor-spacer\">\n\t\t\t<div class=\"elementor-spacer-inner\"><\/div>\n\t\t<\/div>\n\t\t\t\t\t\t<\/div>\n\t\t\t\t<\/div>\n\t\t\t\t\t<\/div>\n\t\t\t\t<\/div>\n\t\t<div class=\"elementor-element elementor-element-235ffef e-flex e-con-boxed wpr-particle-no wpr-jarallax-no wpr-parallax-no wpr-sticky-section-no wpr-column-slider-no wpr-equal-height-no e-con e-parent\" data-id=\"235ffef\" data-element_type=\"container\" data-e-type=\"container\">\n\t\t\t\t\t<div class=\"e-con-inner\">\n\t\t\t\t<div class=\"elementor-element elementor-element-4ce427e elementor-widget elementor-widget-heading\" data-id=\"4ce427e\" data-element_type=\"widget\" data-e-type=\"widget\" data-widget_type=\"heading.default\">\n\t\t\t\t<div class=\"elementor-widget-container\">\n\t\t\t\t\t<h2 class=\"elementor-heading-title elementor-size-default\">LA TOULON PROVENCE REGATTA EN IMAGES<\/h2>\t\t\t\t<\/div>\n\t\t\t\t<\/div>\n\t\t\t\t<div class=\"elementor-element elementor-element-fa32f5c elementor-arrows-position-outside elementor-pagination-position-outside elementor-widget elementor-widget-image-carousel\" data-id=\"fa32f5c\" data-element_type=\"widget\" data-e-type=\"widget\" data-settings=\"{&quot;slides_to_show&quot;:&quot;3&quot;,&quot;image_spacing_custom&quot;:{&quot;unit&quot;:&quot;px&quot;,&quot;size&quot;:10,&quot;sizes&quot;:[]},&quot;navigation&quot;:&quot;both&quot;,&quot;autoplay&quot;:&quot;yes&quot;,&quot;pause_on_hover&quot;:&quot;yes&quot;,&quot;pause_on_interaction&quot;:&quot;yes&quot;,&quot;autoplay_speed&quot;:5000,&quot;infinite&quot;:&quot;yes&quot;,&quot;speed&quot;:500,&quot;image_spacing_custom_tablet&quot;:{&quot;unit&quot;:&quot;px&quot;,&quot;size&quot;:&quot;&quot;,&quot;sizes&quot;:[]},&quot;image_spacing_custom_mobile&quot;:{&quot;unit&quot;:&quot;px&quot;,&quot;size&quot;:&quot;&quot;,&quot;sizes&quot;:[]}}\" data-widget_type=\"image-carousel.default\">\n\t\t\t\t<div class=\"elementor-widget-container\">\n\t\t\t\t\t\t\t<div class=\"elementor-image-carousel-wrapper swiper\" role=\"region\" aria-roledescription=\"carousel\" aria-label=\"Carrousel d\u2019images\" dir=\"ltr\">\n\t\t\t<div class=\"elementor-image-carousel swiper-wrapper\" aria-live=\"off\">\n\t\t\t\t\t\t\t\t<div class=\"swiper-slide\" role=\"group\" aria-roledescription=\"slide\" aria-label=\"1 sur 15\"><a data-elementor-open-lightbox=\"yes\" data-elementor-lightbox-slideshow=\"fa32f5c\" data-e-action-hash=\"#elementor-action%3Aaction%3Dlightbox%26settings%3DeyJpZCI6MTAyOTAsInVybCI6Imh0dHBzOlwvXC90b3Vsb25wcm92ZW5jZXJlZ2F0dGEuZnJcL3dwLWNvbnRlbnRcL3VwbG9hZHNcLzIwMjZcLzA1XC9Ub3Vsb24tUHJvdmVuY2UtUmVnYXR0YS0yMDI2LUNsYXNzaXF1ZXMtOS0xLmpwZyIsInNsaWRlc2hvdyI6ImZhMzJmNWMifQ%3D%3D\" href=\"https:\/\/toulonprovenceregatta.fr\/galerie-2025\/?_gl=1*epvxmt*_ga*ODA4MzgzMTg5LjE3NDgwODc5Mjg.*_ga_6G8TTM5D8G*czE3NDgwODc5MjgkbzEkZzAkdDE3NDgwODc5MjgkajAkbDAkaDA.\"><figure class=\"swiper-slide-inner\"><img decoding=\"async\" class=\"swiper-slide-image\" src=\"https:\/\/toulonprovenceregatta.fr\/wp-content\/uploads\/elementor\/thumbs\/Toulon-Provence-Regatta-2026-Classiques-9-1-rnxf9p7kkkhnr5ss5x1ao437bd4vwebiav0cpnx8pk.jpg\" alt=\"Toulon Provence Regatta 2026 - Classiques - 9\" \/><\/figure><\/a><\/div><div class=\"swiper-slide\" role=\"group\" aria-roledescription=\"slide\" aria-label=\"2 sur 15\"><a data-elementor-open-lightbox=\"yes\" data-elementor-lightbox-slideshow=\"fa32f5c\" data-e-action-hash=\"#elementor-action%3Aaction%3Dlightbox%26settings%3DeyJpZCI6MTAyNzYsInVybCI6Imh0dHBzOlwvXC90b3Vsb25wcm92ZW5jZXJlZ2F0dGEuZnJcL3dwLWNvbnRlbnRcL3VwbG9hZHNcLzIwMjZcLzA1XC9Ub3Vsb24tUHJvdmVuY2UtUmVnYXR0YS0yMDI2LUNsYXNzaXF1ZXMtMTQuanBnIiwic2xpZGVzaG93IjoiZmEzMmY1YyJ9\" href=\"https:\/\/toulonprovenceregatta.fr\/galerie-2025\/?_gl=1*epvxmt*_ga*ODA4MzgzMTg5LjE3NDgwODc5Mjg.*_ga_6G8TTM5D8G*czE3NDgwODc5MjgkbzEkZzAkdDE3NDgwODc5MjgkajAkbDAkaDA.\"><figure class=\"swiper-slide-inner\"><img decoding=\"async\" class=\"swiper-slide-image\" src=\"https:\/\/toulonprovenceregatta.fr\/wp-content\/uploads\/elementor\/thumbs\/Toulon-Provence-Regatta-2026-Classiques-14-rnxf729veavp6jmok9zz6a1nbg4tayum9t4b8pu060.jpg\" alt=\"Toulon Provence Regatta 2026 - Classiques - 14\" \/><\/figure><\/a><\/div><div class=\"swiper-slide\" role=\"group\" aria-roledescription=\"slide\" aria-label=\"3 sur 15\"><a data-elementor-open-lightbox=\"yes\" data-elementor-lightbox-slideshow=\"fa32f5c\" data-e-action-hash=\"#elementor-action%3Aaction%3Dlightbox%26settings%3DeyJpZCI6MTAyNzgsInVybCI6Imh0dHBzOlwvXC90b3Vsb25wcm92ZW5jZXJlZ2F0dGEuZnJcL3dwLWNvbnRlbnRcL3VwbG9hZHNcLzIwMjZcLzA1XC9Ub3Vsb24tUHJvdmVuY2UtUmVnYXR0YS0yMDI2LUNsYXNzaXF1ZXMtMTYuanBnIiwic2xpZGVzaG93IjoiZmEzMmY1YyJ9\" href=\"https:\/\/toulonprovenceregatta.fr\/galerie-2025\/?_gl=1*epvxmt*_ga*ODA4MzgzMTg5LjE3NDgwODc5Mjg.*_ga_6G8TTM5D8G*czE3NDgwODc5MjgkbzEkZzAkdDE3NDgwODc5MjgkajAkbDAkaDA.\"><figure class=\"swiper-slide-inner\"><img decoding=\"async\" class=\"swiper-slide-image\" src=\"https:\/\/toulonprovenceregatta.fr\/wp-content\/uploads\/elementor\/thumbs\/Toulon-Provence-Regatta-2026-Classiques-16-rnxf78uqq54pftd4huud5qdvh58dsukqmpoplnk8yg.jpg\" alt=\"Toulon Provence Regatta 2026 - Classiques - 16\" \/><\/figure><\/a><\/div><div class=\"swiper-slide\" role=\"group\" aria-roledescription=\"slide\" aria-label=\"4 sur 15\"><a data-elementor-open-lightbox=\"yes\" data-elementor-lightbox-slideshow=\"fa32f5c\" data-e-action-hash=\"#elementor-action%3Aaction%3Dlightbox%26settings%3DeyJpZCI6MTAyNjYsInVybCI6Imh0dHBzOlwvXC90b3Vsb25wcm92ZW5jZXJlZ2F0dGEuZnJcL3dwLWNvbnRlbnRcL3VwbG9hZHNcLzIwMjZcLzA1XC9Ub3Vsb24tUHJvdmVuY2UtUmVnYXR0YS0yMDI2LUNsYXNzaXF1ZXMtMS5qcGVnIiwic2xpZGVzaG93IjoiZmEzMmY1YyJ9\" href=\"https:\/\/toulonprovenceregatta.fr\/galerie-2025\/?_gl=1*epvxmt*_ga*ODA4MzgzMTg5LjE3NDgwODc5Mjg.*_ga_6G8TTM5D8G*czE3NDgwODc5MjgkbzEkZzAkdDE3NDgwODc5MjgkajAkbDAkaDA.\"><figure class=\"swiper-slide-inner\"><img decoding=\"async\" class=\"swiper-slide-image\" src=\"https:\/\/toulonprovenceregatta.fr\/wp-content\/uploads\/elementor\/thumbs\/Toulon-Provence-Regatta-2026-Classiques-1-rnxf5ysnf9dnmx80ysxn9k0ad9jebohw4dpx33gjfc.jpeg\" alt=\"Toulon Provence Regatta 2026 - Classiques - 1\" \/><\/figure><\/a><\/div><div class=\"swiper-slide\" role=\"group\" aria-roledescription=\"slide\" aria-label=\"5 sur 15\"><a data-elementor-open-lightbox=\"yes\" data-elementor-lightbox-slideshow=\"fa32f5c\" data-e-action-hash=\"#elementor-action%3Aaction%3Dlightbox%26settings%3DeyJpZCI6MTAyNjUsInVybCI6Imh0dHBzOlwvXC90b3Vsb25wcm92ZW5jZXJlZ2F0dGEuZnJcL3dwLWNvbnRlbnRcL3VwbG9hZHNcLzIwMjZcLzA1XC9Ub3Vsb24tUHJvdmVuY2UtUmVnYXR0YS0yMDI2LTEybUpJLTQ5LTEuanBnIiwic2xpZGVzaG93IjoiZmEzMmY1YyJ9\" href=\"https:\/\/toulonprovenceregatta.fr\/galerie-2025\/?_gl=1*epvxmt*_ga*ODA4MzgzMTg5LjE3NDgwODc5Mjg.*_ga_6G8TTM5D8G*czE3NDgwODc5MjgkbzEkZzAkdDE3NDgwODc5MjgkajAkbDAkaDA.\"><figure class=\"swiper-slide-inner\"><img decoding=\"async\" class=\"swiper-slide-image\" src=\"https:\/\/toulonprovenceregatta.fr\/wp-content\/uploads\/elementor\/thumbs\/Toulon-Provence-Regatta-2026-12mJI-49-1-rnxf3wjefck05q7w0eu4akqvftpeflb3i66k68in2w.jpg\" alt=\"Toulon Provence Regatta 2026 - 12mJI - 49\" \/><\/figure><\/a><\/div><div class=\"swiper-slide\" role=\"group\" aria-roledescription=\"slide\" aria-label=\"6 sur 15\"><a data-elementor-open-lightbox=\"yes\" data-elementor-lightbox-slideshow=\"fa32f5c\" data-e-action-hash=\"#elementor-action%3Aaction%3Dlightbox%26settings%3DeyJpZCI6MTAyNjAsInVybCI6Imh0dHBzOlwvXC90b3Vsb25wcm92ZW5jZXJlZ2F0dGEuZnJcL3dwLWNvbnRlbnRcL3VwbG9hZHNcLzIwMjZcLzA1XC9Ub3Vsb24tUHJvdmVuY2UtUmVnYXR0YS0yMDI2LTEybUpJLTItMS5qcGciLCJzbGlkZXNob3ciOiJmYTMyZjVjIn0%3D\" href=\"https:\/\/toulonprovenceregatta.fr\/galerie-2025\/?_gl=1*epvxmt*_ga*ODA4MzgzMTg5LjE3NDgwODc5Mjg.*_ga_6G8TTM5D8G*czE3NDgwODc5MjgkbzEkZzAkdDE3NDgwODc5MjgkajAkbDAkaDA.\"><figure class=\"swiper-slide-inner\"><img decoding=\"async\" class=\"swiper-slide-image\" src=\"https:\/\/toulonprovenceregatta.fr\/wp-content\/uploads\/elementor\/thumbs\/Toulon-Provence-Regatta-2026-12mJI-2-1-rnxf3jdnro1zn6r0595cbo2f4fi9ftuusd1rgd25i0.jpg\" alt=\"Toulon Provence Regatta 2026 - 12mJI - 2\" \/><\/figure><\/a><\/div><div class=\"swiper-slide\" role=\"group\" aria-roledescription=\"slide\" aria-label=\"7 sur 15\"><a data-elementor-open-lightbox=\"yes\" data-elementor-lightbox-slideshow=\"fa32f5c\" data-e-action-hash=\"#elementor-action%3Aaction%3Dlightbox%26settings%3DeyJpZCI6MTAyNTAsInVybCI6Imh0dHBzOlwvXC90b3Vsb25wcm92ZW5jZXJlZ2F0dGEuZnJcL3dwLWNvbnRlbnRcL3VwbG9hZHNcLzIwMjZcLzA1XC9Ub3Vsb24tUHJvdmVuY2UtUmVnYXR0YS0yMDI2LTEybUpJLTQwLmpwZyIsInNsaWRlc2hvdyI6ImZhMzJmNWMifQ%3D%3D\" href=\"https:\/\/toulonprovenceregatta.fr\/galerie-2025\/?_gl=1*epvxmt*_ga*ODA4MzgzMTg5LjE3NDgwODc5Mjg.*_ga_6G8TTM5D8G*czE3NDgwODc5MjgkbzEkZzAkdDE3NDgwODc5MjgkajAkbDAkaDA.\"><figure class=\"swiper-slide-inner\"><img decoding=\"async\" class=\"swiper-slide-image\" src=\"https:\/\/toulonprovenceregatta.fr\/wp-content\/uploads\/elementor\/thumbs\/Toulon-Provence-Regatta-2026-12mJI-40-rnxetvldiytwbgs6k2tdp3tvbv4gbti64jo3vzdtg8.jpg\" alt=\"Toulon Provence Regatta 2026 - 12mJI - 40\" \/><\/figure><\/a><\/div><div class=\"swiper-slide\" role=\"group\" aria-roledescription=\"slide\" aria-label=\"8 sur 15\"><a data-elementor-open-lightbox=\"yes\" data-elementor-lightbox-slideshow=\"fa32f5c\" data-e-action-hash=\"#elementor-action%3Aaction%3Dlightbox%26settings%3DeyJpZCI6MTAyNTIsInVybCI6Imh0dHBzOlwvXC90b3Vsb25wcm92ZW5jZXJlZ2F0dGEuZnJcL3dwLWNvbnRlbnRcL3VwbG9hZHNcLzIwMjZcLzA1XC9Ub3Vsb24tUHJvdmVuY2UtUmVnYXR0YS0yMDI2LTEybUpJLTQyLmpwZyIsInNsaWRlc2hvdyI6ImZhMzJmNWMifQ%3D%3D\" href=\"https:\/\/toulonprovenceregatta.fr\/galerie-2025\/?_gl=1*epvxmt*_ga*ODA4MzgzMTg5LjE3NDgwODc5Mjg.*_ga_6G8TTM5D8G*czE3NDgwODc5MjgkbzEkZzAkdDE3NDgwODc5MjgkajAkbDAkaDA.\"><figure class=\"swiper-slide-inner\"><img decoding=\"async\" class=\"swiper-slide-image\" src=\"https:\/\/toulonprovenceregatta.fr\/wp-content\/uploads\/elementor\/thumbs\/Toulon-Provence-Regatta-2026-12mJI-42-rnxeu268ut2wkqimhnnrok63hk80tp8ahg8i8x428o.jpg\" alt=\"Toulon Provence Regatta 2026 - 12mJI - 42\" \/><\/figure><\/a><\/div><div class=\"swiper-slide\" role=\"group\" aria-roledescription=\"slide\" aria-label=\"9 sur 15\"><a data-elementor-open-lightbox=\"yes\" data-elementor-lightbox-slideshow=\"fa32f5c\" data-e-action-hash=\"#elementor-action%3Aaction%3Dlightbox%26settings%3DeyJpZCI6MTAyNTMsInVybCI6Imh0dHBzOlwvXC90b3Vsb25wcm92ZW5jZXJlZ2F0dGEuZnJcL3dwLWNvbnRlbnRcL3VwbG9hZHNcLzIwMjZcLzA1XC9Ub3Vsb24tUHJvdmVuY2UtUmVnYXR0YS0yMDI2LTEybUpJLTQzLmpwZyIsInNsaWRlc2hvdyI6ImZhMzJmNWMifQ%3D%3D\" href=\"https:\/\/toulonprovenceregatta.fr\/galerie-2025\/?_gl=1*epvxmt*_ga*ODA4MzgzMTg5LjE3NDgwODc5Mjg.*_ga_6G8TTM5D8G*czE3NDgwODc5MjgkbzEkZzAkdDE3NDgwODc5MjgkajAkbDAkaDA.\"><figure class=\"swiper-slide-inner\"><img decoding=\"async\" class=\"swiper-slide-image\" src=\"https:\/\/toulonprovenceregatta.fr\/wp-content\/uploads\/elementor\/thumbs\/Toulon-Provence-Regatta-2026-12mJI-43-rnxeu41x8h5h7yfw6oh0tjp0obyr93fr5pjh7h19w8.jpg\" alt=\"Toulon Provence Regatta 2026 - 12mJI - 43\" \/><\/figure><\/a><\/div><div class=\"swiper-slide\" role=\"group\" aria-roledescription=\"slide\" aria-label=\"10 sur 15\"><a data-elementor-open-lightbox=\"yes\" data-elementor-lightbox-slideshow=\"fa32f5c\" data-e-action-hash=\"#elementor-action%3Aaction%3Dlightbox%26settings%3DeyJpZCI6MTAyNDYsInVybCI6Imh0dHBzOlwvXC90b3Vsb25wcm92ZW5jZXJlZ2F0dGEuZnJcL3dwLWNvbnRlbnRcL3VwbG9hZHNcLzIwMjZcLzA1XC9Ub3Vsb24tUHJvdmVuY2UtUmVnYXR0YS0yMDI2LTEybUpJLTM2LmpwZyIsInNsaWRlc2hvdyI6ImZhMzJmNWMifQ%3D%3D\" href=\"https:\/\/toulonprovenceregatta.fr\/galerie-2025\/?_gl=1*epvxmt*_ga*ODA4MzgzMTg5LjE3NDgwODc5Mjg.*_ga_6G8TTM5D8G*czE3NDgwODc5MjgkbzEkZzAkdDE3NDgwODc5MjgkajAkbDAkaDA.\"><figure class=\"swiper-slide-inner\"><img decoding=\"async\" class=\"swiper-slide-image\" src=\"https:\/\/toulonprovenceregatta.fr\/wp-content\/uploads\/elementor\/thumbs\/Toulon-Provence-Regatta-2026-12mJI-36-rnxetkbb8yegg58kdxxuv6oc78o1rg9e2zua4nujiw.jpg\" alt=\"Toulon Provence Regatta 2026 - 12mJI - 36\" \/><\/figure><\/a><\/div><div class=\"swiper-slide\" role=\"group\" aria-roledescription=\"slide\" aria-label=\"11 sur 15\"><a data-elementor-open-lightbox=\"yes\" data-elementor-lightbox-slideshow=\"fa32f5c\" data-e-action-hash=\"#elementor-action%3Aaction%3Dlightbox%26settings%3DeyJpZCI6MTAyMzUsInVybCI6Imh0dHBzOlwvXC90b3Vsb25wcm92ZW5jZXJlZ2F0dGEuZnJcL3dwLWNvbnRlbnRcL3VwbG9hZHNcLzIwMjZcLzA1XC9Ub3Vsb24tUHJvdmVuY2UtUmVnYXR0YS0yMDI2LTEybUpJLTI1LmpwZyIsInNsaWRlc2hvdyI6ImZhMzJmNWMifQ%3D%3D\" href=\"https:\/\/toulonprovenceregatta.fr\/galerie-2025\/?_gl=1*epvxmt*_ga*ODA4MzgzMTg5LjE3NDgwODc5Mjg.*_ga_6G8TTM5D8G*czE3NDgwODc5MjgkbzEkZzAkdDE3NDgwODc5MjgkajAkbDAkaDA.\"><figure class=\"swiper-slide-inner\"><img decoding=\"async\" class=\"swiper-slide-image\" src=\"https:\/\/toulonprovenceregatta.fr\/wp-content\/uploads\/elementor\/thumbs\/Toulon-Provence-Regatta-2026-12mJI-25-rnxesuxo4ffpqo9fi4yxhv2w5u54zmgmzi8666w66w.jpg\" alt=\"Toulon Provence Regatta 2026 - 12mJI - 25\" \/><\/figure><\/a><\/div><div class=\"swiper-slide\" role=\"group\" aria-roledescription=\"slide\" aria-label=\"12 sur 15\"><a data-elementor-open-lightbox=\"yes\" data-elementor-lightbox-slideshow=\"fa32f5c\" data-e-action-hash=\"#elementor-action%3Aaction%3Dlightbox%26settings%3DeyJpZCI6MTAyMTIsInVybCI6Imh0dHBzOlwvXC90b3Vsb25wcm92ZW5jZXJlZ2F0dGEuZnJcL3dwLWNvbnRlbnRcL3VwbG9hZHNcLzIwMjZcLzA1XC9Ub3Vsb24tUHJvdmVuY2UtUmVnYXR0YS0yMDI2LTIuNC0xNi5qcGciLCJzbGlkZXNob3ciOiJmYTMyZjVjIn0%3D\" href=\"https:\/\/toulonprovenceregatta.fr\/galerie-2025\/?_gl=1*epvxmt*_ga*ODA4MzgzMTg5LjE3NDgwODc5Mjg.*_ga_6G8TTM5D8G*czE3NDgwODc5MjgkbzEkZzAkdDE3NDgwODc5MjgkajAkbDAkaDA.\"><figure class=\"swiper-slide-inner\"><img decoding=\"async\" class=\"swiper-slide-image\" src=\"https:\/\/toulonprovenceregatta.fr\/wp-content\/uploads\/elementor\/thumbs\/Toulon-Provence-Regatta-2026-2.4-16-rnxeqz9agcv2iqzqhbpsic5pe3eplezyq797m9oimw.jpg\" alt=\"Toulon Provence Regatta 2026 - 2.4 - 16\" \/><\/figure><\/a><\/div><div class=\"swiper-slide\" role=\"group\" aria-roledescription=\"slide\" aria-label=\"13 sur 15\"><a data-elementor-open-lightbox=\"yes\" data-elementor-lightbox-slideshow=\"fa32f5c\" data-e-action-hash=\"#elementor-action%3Aaction%3Dlightbox%26settings%3DeyJpZCI6MTAyMTMsInVybCI6Imh0dHBzOlwvXC90b3Vsb25wcm92ZW5jZXJlZ2F0dGEuZnJcL3dwLWNvbnRlbnRcL3VwbG9hZHNcLzIwMjZcLzA1XC9Ub3Vsb24tUHJvdmVuY2UtUmVnYXR0YS0yMDI2LTIuNC0xNy5qcGciLCJzbGlkZXNob3ciOiJmYTMyZjVjIn0%3D\" href=\"https:\/\/toulonprovenceregatta.fr\/galerie-2025\/?_gl=1*epvxmt*_ga*ODA4MzgzMTg5LjE3NDgwODc5Mjg.*_ga_6G8TTM5D8G*czE3NDgwODc5MjgkbzEkZzAkdDE3NDgwODc5MjgkajAkbDAkaDA.\"><figure class=\"swiper-slide-inner\"><img decoding=\"async\" class=\"swiper-slide-image\" src=\"https:\/\/toulonprovenceregatta.fr\/wp-content\/uploads\/elementor\/thumbs\/Toulon-Provence-Regatta-2026-2.4-17-rnxer14yu0xn5yx06cj1nbomkv5g0t7fegk6ktlqag.jpg\" alt=\"Toulon Provence Regatta 2026 - 2.4 - 17\" \/><\/figure><\/a><\/div><div class=\"swiper-slide\" role=\"group\" aria-roledescription=\"slide\" aria-label=\"14 sur 15\"><a data-elementor-open-lightbox=\"yes\" data-elementor-lightbox-slideshow=\"fa32f5c\" data-e-action-hash=\"#elementor-action%3Aaction%3Dlightbox%26settings%3DeyJpZCI6MTAyMTAsInVybCI6Imh0dHBzOlwvXC90b3Vsb25wcm92ZW5jZXJlZ2F0dGEuZnJcL3dwLWNvbnRlbnRcL3VwbG9hZHNcLzIwMjZcLzA1XC9Ub3Vsb24tUHJvdmVuY2UtUmVnYXR0YS0yMDI2LTIuNC0xNC5qcGciLCJzbGlkZXNob3ciOiJmYTMyZjVjIn0%3D\" href=\"https:\/\/toulonprovenceregatta.fr\/galerie-2025\/?_gl=1*epvxmt*_ga*ODA4MzgzMTg5LjE3NDgwODc5Mjg.*_ga_6G8TTM5D8G*czE3NDgwODc5MjgkbzEkZzAkdDE3NDgwODc5MjgkajAkbDAkaDA.\"><figure class=\"swiper-slide-inner\"><img decoding=\"async\" class=\"swiper-slide-image\" src=\"https:\/\/toulonprovenceregatta.fr\/wp-content\/uploads\/elementor\/thumbs\/Toulon-Provence-Regatta-2026-2.4-14-rnxequk3i6omwp6k8ronnvcef61vixhb1jzs7vvhi0.jpg\" alt=\"Toulon Provence Regatta 2026 - 2.4 - 14\" \/><\/figure><\/a><\/div><div class=\"swiper-slide\" role=\"group\" aria-roledescription=\"slide\" aria-label=\"15 sur 15\"><a data-elementor-open-lightbox=\"yes\" data-elementor-lightbox-slideshow=\"fa32f5c\" data-e-action-hash=\"#elementor-action%3Aaction%3Dlightbox%26settings%3DeyJpZCI6MTAzMTYsInVybCI6Imh0dHBzOlwvXC90b3Vsb25wcm92ZW5jZXJlZ2F0dGEuZnJcL3dwLWNvbnRlbnRcL3VwbG9hZHNcLzIwMjZcLzA2XC9UUFItMjAyNi00LmpwZyIsInNsaWRlc2hvdyI6ImZhMzJmNWMifQ%3D%3D\" href=\"https:\/\/toulonprovenceregatta.fr\/galerie-2025\/?_gl=1*epvxmt*_ga*ODA4MzgzMTg5LjE3NDgwODc5Mjg.*_ga_6G8TTM5D8G*czE3NDgwODc5MjgkbzEkZzAkdDE3NDgwODc5MjgkajAkbDAkaDA.\"><figure class=\"swiper-slide-inner\"><img decoding=\"async\" class=\"swiper-slide-image\" src=\"https:\/\/toulonprovenceregatta.fr\/wp-content\/uploads\/elementor\/thumbs\/TPR-2026-4-ronue1ap88xfu5sunhok4ommguvnb02uksdrvbfpeg.jpg\" alt=\"TPR 2026-4\" \/><\/figure><\/a><\/div>\t\t\t<\/div>\n\t\t\t\t\t\t\t\t\t\t\t\t<div class=\"elementor-swiper-button elementor-swiper-button-prev\" role=\"button\" tabindex=\"0\">\n\t\t\t\t\t\t<svg aria-hidden=\"true\" class=\"e-font-icon-svg e-fas-chevron-circle-left\" viewBox=\"0 0 512 512\" xmlns=\"http:\/\/www.w3.org\/2000\/svg\"><path d=\"M256 504C119 504 8 393 8 256S119 8 256 8s248 111 248 248-111 248-248 248zM142.1 273l135.5 135.5c9.4 9.4 24.6 9.4 33.9 0l17-17c9.4-9.4 9.4-24.6 0-33.9L226.9 256l101.6-101.6c9.4-9.4 9.4-24.6 0-33.9l-17-17c-9.4-9.4-24.6-9.4-33.9 0L142.1 239c-9.4 9.4-9.4 24.6 0 34z\"><\/path><\/svg>\t\t\t\t\t<\/div>\n\t\t\t\t\t<div class=\"elementor-swiper-button elementor-swiper-button-next\" role=\"button\" tabindex=\"0\">\n\t\t\t\t\t\t<svg aria-hidden=\"true\" class=\"e-font-icon-svg e-fas-chevron-circle-right\" viewBox=\"0 0 512 512\" xmlns=\"http:\/\/www.w3.org\/2000\/svg\"><path d=\"M256 8c137 0 248 111 248 248S393 504 256 504 8 393 8 256 119 8 256 8zm113.9 231L234.4 103.5c-9.4-9.4-24.6-9.4-33.9 0l-17 17c-9.4 9.4-9.4 24.6 0 33.9L285.1 256 183.5 357.6c-9.4 9.4-9.4 24.6 0 33.9l17 17c9.4 9.4 24.6 9.4 33.9 0L369.9 273c9.4-9.4 9.4-24.6 0-34z\"><\/path><\/svg>\t\t\t\t\t<\/div>\n\t\t\t\t\n\t\t\t\t\t\t\t\t\t<div class=\"swiper-pagination\"><\/div>\n\t\t\t\t\t\t\t\t\t<\/div>\n\t\t\t\t\t\t<\/div>\n\t\t\t\t<\/div>\n\t\t\t\t<div class=\"elementor-element elementor-element-0ffd9f8 elementor-align-center elementor-widget elementor-widget-button\" data-id=\"0ffd9f8\" data-element_type=\"widget\" data-e-type=\"widget\" data-widget_type=\"button.default\">\n\t\t\t\t<div class=\"elementor-widget-container\">\n\t\t\t\t\t\t\t\t\t<div class=\"elementor-button-wrapper\">\n\t\t\t\t\t<a class=\"elementor-button elementor-button-link elementor-size-sm\" href=\"https:\/\/toulonprovenceregatta.fr\/photos-videos\/\">\n\t\t\t\t\t\t<span class=\"elementor-button-content-wrapper\">\n\t\t\t\t\t\t\t\t\t<span class=\"elementor-button-text\">Photos et vid\u00e9os de la Toulon Provence Regatta<\/span>\n\t\t\t\t\t<\/span>\n\t\t\t\t\t<\/a>\n\t\t\t\t<\/div>\n\t\t\t\t\t\t\t\t<\/div>\n\t\t\t\t<\/div>\n\t\t\t\t\t<\/div>\n\t\t\t\t<\/div>\n\t\t<div class=\"elementor-element elementor-element-a2b1388 e-flex e-con-boxed wpr-particle-no wpr-jarallax-no wpr-parallax-no wpr-sticky-section-no wpr-column-slider-no wpr-equal-height-no e-con e-parent\" data-id=\"a2b1388\" data-element_type=\"container\" data-e-type=\"container\">\n\t\t\t\t\t<div class=\"e-con-inner\">\n\t\t\t\t<div class=\"elementor-element elementor-element-1e8c750 elementor-widget elementor-widget-spacer\" data-id=\"1e8c750\" data-element_type=\"widget\" data-e-type=\"widget\" data-widget_type=\"spacer.default\">\n\t\t\t\t<div class=\"elementor-widget-container\">\n\t\t\t\t\t\t\t<div class=\"elementor-spacer\">\n\t\t\t<div class=\"elementor-spacer-inner\"><\/div>\n\t\t<\/div>\n\t\t\t\t\t\t<\/div>\n\t\t\t\t<\/div>\n\t\t\t\t<div class=\"elementor-element elementor-element-dd82dc0 elementor-widget elementor-widget-heading\" data-id=\"dd82dc0\" data-element_type=\"widget\" data-e-type=\"widget\" data-widget_type=\"heading.default\">\n\t\t\t\t<div class=\"elementor-widget-container\">\n\t\t\t\t\t<h2 class=\"elementor-heading-title elementor-size-default\"><span class=\"elementor-heading-title elementor-size-default elementor-inline-editing pen\" data-elementor-setting-key=\"title\" data-pen-placeholder=\"\u00c9crivez ici...\" style=\"text-align: center\">LA TOULON PROVENCE REGATTA 2026 EN QUELQUES CHIFFRES<\/span><\/h2>\t\t\t\t<\/div>\n\t\t\t\t<\/div>\n\t\t\t\t<div class=\"elementor-element elementor-element-e4a745f elementor-widget elementor-widget-spacer\" data-id=\"e4a745f\" data-element_type=\"widget\" data-e-type=\"widget\" data-widget_type=\"spacer.default\">\n\t\t\t\t<div class=\"elementor-widget-container\">\n\t\t\t\t\t\t\t<div class=\"elementor-spacer\">\n\t\t\t<div class=\"elementor-spacer-inner\"><\/div>\n\t\t<\/div>\n\t\t\t\t\t\t<\/div>\n\t\t\t\t<\/div>\n\t\t\t\t\t<\/div>\n\t\t\t\t<\/div>\n\t\t<div class=\"elementor-element elementor-element-18f5677 e-flex e-con-boxed wpr-particle-no wpr-jarallax-no wpr-parallax-no wpr-sticky-section-no wpr-column-slider-no wpr-equal-height-no e-con e-parent\" data-id=\"18f5677\" data-element_type=\"container\" data-e-type=\"container\">\n\t\t\t\t\t<div class=\"e-con-inner\">\n\t\t<div class=\"elementor-element elementor-element-1fd623e e-grid e-con-full wpr-particle-no wpr-jarallax-no wpr-parallax-no wpr-sticky-section-no wpr-column-slider-no wpr-equal-height-no e-con e-child\" data-id=\"1fd623e\" data-element_type=\"container\" data-e-type=\"container\">\n\t\t\t\t<div class=\"elementor-element elementor-element-97b3091 elementor-widget elementor-widget-heading\" data-id=\"97b3091\" data-element_type=\"widget\" data-e-type=\"widget\" data-widget_type=\"heading.default\">\n\t\t\t\t<div class=\"elementor-widget-container\">\n\t\t\t\t\t<p class=\"elementor-heading-title elementor-size-default\">70 BATEAUX<br>250 \u00c9QUIPIERS<\/p>\t\t\t\t<\/div>\n\t\t\t\t<\/div>\n\t\t\t\t<div class=\"elementor-element elementor-element-230dfb6 elementor-widget elementor-widget-heading\" data-id=\"230dfb6\" data-element_type=\"widget\" data-e-type=\"widget\" data-widget_type=\"heading.default\">\n\t\t\t\t<div class=\"elementor-widget-container\">\n\t\t\t\t\t<p class=\"elementor-heading-title elementor-size-default\">4<br><span>JOURS DE R\u00c9GATE<\/span><\/p>\t\t\t\t<\/div>\n\t\t\t\t<\/div>\n\t\t\t\t<div class=\"elementor-element elementor-element-d7766ad elementor-widget elementor-widget-heading\" data-id=\"d7766ad\" data-element_type=\"widget\" data-e-type=\"widget\" data-widget_type=\"heading.default\">\n\t\t\t\t<div class=\"elementor-widget-container\">\n\t\t\t\t\t<p class=\"elementor-heading-title elementor-size-default\">3500<br><span>VISITEURS \u00c0 BORD DES BATEAUX <\/span><\/p>\t\t\t\t<\/div>\n\t\t\t\t<\/div>\n\t\t\t\t<div class=\"elementor-element elementor-element-5c7047c elementor-widget elementor-widget-heading\" data-id=\"5c7047c\" data-element_type=\"widget\" data-e-type=\"widget\" data-widget_type=\"heading.default\">\n\t\t\t\t<div class=\"elementor-widget-container\">\n\t\t\t\t\t<p class=\"elementor-heading-title elementor-size-default\">180<br><span> B\u00c9N\u00c9VOLES<\/span><\/p>\t\t\t\t<\/div>\n\t\t\t\t<\/div>\n\t\t\t\t<div class=\"elementor-element elementor-element-2413bbd elementor-widget elementor-widget-heading\" data-id=\"2413bbd\" data-element_type=\"widget\" data-e-type=\"widget\" data-widget_type=\"heading.default\">\n\t\t\t\t<div class=\"elementor-widget-container\">\n\t\t\t\t\t<p class=\"elementor-heading-title elementor-size-default\">4000<br><span> VISITEURS PAR JOUR SUR LE VILLAGE<\/span><\/p>\t\t\t\t<\/div>\n\t\t\t\t<\/div>\n\t\t\t\t<\/div>\n\t\t\t\t\t<\/div>\n\t\t\t\t<\/div>\n\t\t<div class=\"elementor-element elementor-element-55ee454 e-con-full e-flex wpr-particle-no wpr-jarallax-no wpr-parallax-no wpr-sticky-section-no wpr-column-slider-no wpr-equal-height-no e-con e-parent\" data-id=\"55ee454\" data-element_type=\"container\" data-e-type=\"container\">\n\t\t\t\t<div class=\"elementor-element elementor-element-f8885bd elementor-widget elementor-widget-spacer\" data-id=\"f8885bd\" data-element_type=\"widget\" data-e-type=\"widget\" data-widget_type=\"spacer.default\">\n\t\t\t\t<div class=\"elementor-widget-container\">\n\t\t\t\t\t\t\t<div class=\"elementor-spacer\">\n\t\t\t<div class=\"elementor-spacer-inner\"><\/div>\n\t\t<\/div>\n\t\t\t\t\t\t<\/div>\n\t\t\t\t<\/div>\n\t\t\t\t<div class=\"elementor-element elementor-element-409895a elementor-widget__width-initial elementor-widget elementor-widget-heading\" data-id=\"409895a\" data-element_type=\"widget\" data-e-type=\"widget\" data-widget_type=\"heading.default\">\n\t\t\t\t<div class=\"elementor-widget-container\">\n\t\t\t\t\t<h2 class=\"elementor-heading-title elementor-size-default\">UN \u00c9V\u00c8NEMENT : DES LIEUX D'EXCEPTION<\/h2>\t\t\t\t<\/div>\n\t\t\t\t<\/div>\n\t\t\t\t<div class=\"elementor-element elementor-element-18fbc3b elementor-widget elementor-widget-heading\" data-id=\"18fbc3b\" data-element_type=\"widget\" data-e-type=\"widget\" data-widget_type=\"heading.default\">\n\t\t\t\t<div class=\"elementor-widget-container\">\n\t\t\t\t\t<h2 class=\"elementor-heading-title elementor-size-default\">Un parcours marin et terrestre r\u00e9parti sur plusieurs sites prestigieux<\/h2>\t\t\t\t<\/div>\n\t\t\t\t<\/div>\n\t\t<div class=\"elementor-element elementor-element-5ee8e7b e-con-full e-flex wpr-particle-no wpr-jarallax-no wpr-parallax-no wpr-sticky-section-no wpr-column-slider-no wpr-equal-height-no e-con e-child\" data-id=\"5ee8e7b\" data-element_type=\"container\" data-e-type=\"container\">\n\t\t<div class=\"elementor-element elementor-element-e462bf1 e-con-full e-flex wpr-particle-no wpr-jarallax-no wpr-parallax-no wpr-sticky-section-no wpr-column-slider-no wpr-equal-height-no e-con e-child\" data-id=\"e462bf1\" data-element_type=\"container\" data-e-type=\"container\">\n\t\t\t\t<div class=\"elementor-element elementor-element-b977800 elementor-widget elementor-widget-image\" data-id=\"b977800\" data-element_type=\"widget\" data-e-type=\"widget\" data-widget_type=\"image.default\">\n\t\t\t\t<div class=\"elementor-widget-container\">\n\t\t\t\t\t\t\t\t\t\t\t\t\t\t\t<img loading=\"lazy\" decoding=\"async\" width=\"1536\" height=\"691\" src=\"https:\/\/toulonprovenceregatta.fr\/wp-content\/uploads\/2025\/10\/WhatsApp-Image-2025-09-28-at-14.41.21-1536x691.jpeg\" class=\"attachment-1536x1536 size-1536x1536 wp-image-8321\" alt=\"Toulon Provence Regatta se d\u00e9roule dans la rade de toulon, un cadre exceptionnel\" srcset=\"https:\/\/toulonprovenceregatta.fr\/wp-content\/uploads\/2025\/10\/WhatsApp-Image-2025-09-28-at-14.41.21-1536x691.jpeg 1536w, https:\/\/toulonprovenceregatta.fr\/wp-content\/uploads\/2025\/10\/WhatsApp-Image-2025-09-28-at-14.41.21-300x135.jpeg 300w, https:\/\/toulonprovenceregatta.fr\/wp-content\/uploads\/2025\/10\/WhatsApp-Image-2025-09-28-at-14.41.21-1024x461.jpeg 1024w, https:\/\/toulonprovenceregatta.fr\/wp-content\/uploads\/2025\/10\/WhatsApp-Image-2025-09-28-at-14.41.21-768x346.jpeg 768w, https:\/\/toulonprovenceregatta.fr\/wp-content\/uploads\/2025\/10\/WhatsApp-Image-2025-09-28-at-14.41.21-18x8.jpeg 18w, https:\/\/toulonprovenceregatta.fr\/wp-content\/uploads\/2025\/10\/WhatsApp-Image-2025-09-28-at-14.41.21.jpeg 1600w\" sizes=\"(max-width: 1536px) 100vw, 1536px\" \/>\t\t\t\t\t\t\t\t\t\t\t\t\t\t\t<\/div>\n\t\t\t\t<\/div>\n\t\t<div class=\"elementor-element elementor-element-2f19798 e-con-full e-flex wpr-particle-no wpr-jarallax-no wpr-parallax-no wpr-sticky-section-no wpr-column-slider-no wpr-equal-height-no e-con e-child\" data-id=\"2f19798\" data-element_type=\"container\" data-e-type=\"container\">\n\t\t\t\t<div class=\"elementor-element elementor-element-ee1d089 elementor-widget elementor-widget-text-editor\" data-id=\"ee1d089\" data-element_type=\"widget\" data-e-type=\"widget\" data-widget_type=\"text-editor.default\">\n\t\t\t\t<div class=\"elementor-widget-container\">\n\t\t\t\t\t\t\t\t\t<p>Pendant quatre jours de comp\u00e9tition, <strong>la Toulon Provence Regatta fait vibrer l\u2019ensemble de l\u2019aire toulonnaise \u00e0 travers plusieurs lieux embl\u00e9matiques du littoral m\u00e9diterran\u00e9en<\/strong>. Cet \u00e9v\u00e9nement nautique international offre une immersion unique au plus pr\u00e8s de l\u2019action, dans l\u2019un des plus beaux plans d\u2019eau d\u2019Europe.<\/p><p data-start=\"816\" data-end=\"949\">La Toulon Provence Regatta se d\u00e9ploie sur des espaces incontournables, chacun apportant une atmosph\u00e8re et une exp\u00e9rience diff\u00e9rente :<\/p><ul><li><strong><span style=\"font-size: 16px;\">Le Port de Toulon<\/span><\/strong><\/li><\/ul><p><span style=\"font-size: 16px;\">Point central de l\u2019\u00e9v\u00e9nement, il accueille les voiliers classiques et les \u00e9quipages, tout en offrant au public une <\/span>vue privil\u00e9gi\u00e9e sur les d\u00e9parts et arriv\u00e9es de r\u00e9gates<span style=\"font-size: 16px;\">. Sa situation en plein c\u0153ur de la ville permet une <\/span>large accessibilit\u00e9<span style=\"font-size: 16px;\"> et une visibilit\u00e9 optimale pour les partenaires.<\/span><\/p><ul><li data-start=\"1277\" data-end=\"1329\"><strong>Le Carr\u00e9 du Port et le Quai des P\u00eacheurs<\/strong><\/li><\/ul><p data-start=\"1330\" data-end=\"1574\">Ces quais historiques constituent le lien direct avec les visiteurs. Ils offrent un espace convivial permettant de rencontrer les \u00e9quipages, admirer les yachts classiques \u00e0 quai et profiter des animations organis\u00e9es pendant l\u2019\u00e9v\u00e9nement.<\/p><ul><li data-start=\"1576\" data-end=\"1613\"><strong>L\u2019Anse des Pins au Mourillon<\/strong><\/li><\/ul><p data-start=\"1614\" data-end=\"1828\">Un site maritime embl\u00e9matique de Toulon, id\u00e9al pour suivre les r\u00e9gates depuis la c\u00f4te. Les spectateurs profitent d\u2019un point de vue exceptionnel sur la rade, cr\u00e9ant une ambiance conviviale pour toute la famille. De nombreux bapt\u00eames nautiques s&rsquo;y d\u00e9rouleront.<\/p><ul><li data-start=\"1830\" data-end=\"1859\"><strong>Le Fort Saint Louis<\/strong><\/li><\/ul><p data-start=\"1860\" data-end=\"2164\">Monument historique embl\u00e9matique du Mourillon, il est privatis\u00e9 pour l\u2019\u00e9v\u00e9nement afin d\u2019accueillir des espaces partenaires et hospitalit\u00e9s. Ce lieu privil\u00e9gi\u00e9 permet aux invit\u00e9s de vivre la r\u00e9gate au plus pr\u00e8s des \u00e9quipages, dans un cadre remarquable charg\u00e9 d\u2019histoire maritime.<\/p>\t\t\t\t\t\t\t\t<\/div>\n\t\t\t\t<\/div>\n\t\t\t\t<div class=\"elementor-element elementor-element-26fd9d5 elementor-widget elementor-widget-spacer\" data-id=\"26fd9d5\" data-element_type=\"widget\" data-e-type=\"widget\" data-widget_type=\"spacer.default\">\n\t\t\t\t<div class=\"elementor-widget-container\">\n\t\t\t\t\t\t\t<div class=\"elementor-spacer\">\n\t\t\t<div class=\"elementor-spacer-inner\"><\/div>\n\t\t<\/div>\n\t\t\t\t\t\t<\/div>\n\t\t\t\t<\/div>\n\t\t\t\t<\/div>\n\t\t\t\t<\/div>\n\t\t\t\t<\/div>\n\t\t\t\t<\/div>\n\t\t<div class=\"elementor-element elementor-element-6669853 e-flex e-con-boxed wpr-particle-no wpr-jarallax-no wpr-parallax-no wpr-sticky-section-no wpr-column-slider-no wpr-equal-height-no e-con e-parent\" data-id=\"6669853\" data-element_type=\"container\" data-e-type=\"container\">\n\t\t\t\t\t<div class=\"e-con-inner\">\n\t\t\t\t<div class=\"elementor-element elementor-element-5a8dee0 elementor-widget elementor-widget-heading\" data-id=\"5a8dee0\" data-element_type=\"widget\" data-e-type=\"widget\" data-widget_type=\"heading.default\">\n\t\t\t\t<div class=\"elementor-widget-container\">\n\t\t\t\t\t<h2 class=\"elementor-heading-title elementor-size-default\">DEVENEZ PARTENAIRE  DE LA TOULON PROVENCE REGATTA<\/h2>\t\t\t\t<\/div>\n\t\t\t\t<\/div>\n\t\t\t\t\t<\/div>\n\t\t\t\t<\/div>\n\t\t<div class=\"elementor-element elementor-element-0e6ada0 e-flex e-con-boxed wpr-particle-no wpr-jarallax-no wpr-parallax-no wpr-sticky-section-no wpr-column-slider-no wpr-equal-height-no e-con e-parent\" data-id=\"0e6ada0\" data-element_type=\"container\" data-e-type=\"container\">\n\t\t\t\t\t<div class=\"e-con-inner\">\n\t\t\t\t<div class=\"elementor-element elementor-element-f055fc1 elementor-widget-tablet__width-auto elementor-widget elementor-widget-text-editor\" data-id=\"f055fc1\" data-element_type=\"widget\" data-e-type=\"widget\" data-widget_type=\"text-editor.default\">\n\t\t\t\t<div class=\"elementor-widget-container\">\n\t\t\t\t\t\t\t\t\t<p data-start=\"164\" data-end=\"311\"><img loading=\"lazy\" decoding=\"async\" class=\"alignleft wp-image-8333 size-medium\" src=\"https:\/\/toulonprovenceregatta.fr\/wp-content\/uploads\/2025\/10\/TPR-313-200x300.jpg\" alt=\"Devenez Partenaire de la Toulon Provence Regatta\" width=\"200\" height=\"300\" srcset=\"https:\/\/toulonprovenceregatta.fr\/wp-content\/uploads\/2025\/10\/TPR-313-200x300.jpg 200w, https:\/\/toulonprovenceregatta.fr\/wp-content\/uploads\/2025\/10\/TPR-313-683x1024.jpg 683w, https:\/\/toulonprovenceregatta.fr\/wp-content\/uploads\/2025\/10\/TPR-313-768x1152.jpg 768w, https:\/\/toulonprovenceregatta.fr\/wp-content\/uploads\/2025\/10\/TPR-313-1024x1536.jpg 1024w, https:\/\/toulonprovenceregatta.fr\/wp-content\/uploads\/2025\/10\/TPR-313-8x12.jpg 8w, https:\/\/toulonprovenceregatta.fr\/wp-content\/uploads\/2025\/10\/TPR-313.jpg 1280w\" sizes=\"(max-width: 200px) 100vw, 200px\" \/><\/p><p data-start=\"164\" data-end=\"311\"><span style=\"font-family: var( --e-global-typography-text-font-family ), Sans-serif; font-size: var( --e-global-typography-text-font-size ); text-align: var(--text-align);\">\u00a0<\/span><\/p><p data-start=\"164\" data-end=\"311\"><span style=\"font-family: var( --e-global-typography-text-font-family ), Sans-serif; font-size: var( --e-global-typography-text-font-size ); text-align: var(--text-align);\">Associez votre entreprise \u00e0 un <\/span><strong style=\"font-family: var( --e-global-typography-text-font-family ), Sans-serif; font-size: var( --e-global-typography-text-font-size ); text-align: var(--text-align);\" data-start=\"195\" data-end=\"238\">\u00e9v\u00e9nement voile premium en M\u00e9diterran\u00e9e<\/strong><span style=\"font-family: var( --e-global-typography-text-font-family ), Sans-serif; font-size: var( --e-global-typography-text-font-size ); text-align: var(--text-align);\">, r\u00e9unissant voiliers mythiques, innovation et rayonnement territorial.<\/span><\/p><p data-start=\"313\" data-end=\"501\">La Toulon Provence Regatta vous offre une <strong data-start=\"355\" data-end=\"375\">visibilit\u00e9 forte<\/strong>, des <strong data-start=\"381\" data-end=\"420\">opportunit\u00e9s de relations publiques<\/strong> et un <strong data-start=\"427\" data-end=\"471\">acc\u00e8s privil\u00e9gi\u00e9 aux acteurs \u00e9conomiques<\/strong> de la r\u00e9gion et d\u2019ailleurs.<\/p><p data-start=\"503\" data-end=\"575\">Ensemble, cr\u00e9ons une collaboration porteuse de sens et de performance!\u00a0<strong style=\"font-family: var( --e-global-typography-text-font-family ), Sans-serif; font-size: var( --e-global-typography-text-font-size ); text-align: var(--text-align);\" data-start=\"580\" data-end=\"627\">Contactez-nous et embarquez dans l\u2019aventure!<\/strong><\/p><p data-start=\"503\" data-end=\"575\"><strong style=\"font-family: var( --e-global-typography-text-font-family ), Sans-serif; font-size: var( --e-global-typography-text-font-size ); text-align: var(--text-align);\" data-start=\"580\" data-end=\"627\">\u00a0<\/strong><\/p><p data-start=\"503\" data-end=\"575\">\u00a0<\/p>\t\t\t\t\t\t\t\t<\/div>\n\t\t\t\t<\/div>\n\t\t\t\t<div class=\"elementor-element elementor-element-83e2ce5 elementor-align-center elementor-widget elementor-widget-button\" data-id=\"83e2ce5\" data-element_type=\"widget\" data-e-type=\"widget\" data-widget_type=\"button.default\">\n\t\t\t\t<div class=\"elementor-widget-container\">\n\t\t\t\t\t\t\t\t\t<div class=\"elementor-button-wrapper\">\n\t\t\t\t\t<a class=\"elementor-button elementor-button-link elementor-size-sm\" href=\"https:\/\/toulonprovenceregatta.fr\/partenariat-toulon-provence-regatta\/\">\n\t\t\t\t\t\t<span class=\"elementor-button-content-wrapper\">\n\t\t\t\t\t\t\t\t\t<span class=\"elementor-button-text\">En savoir plus sur les partenariats<\/span>\n\t\t\t\t\t<\/span>\n\t\t\t\t\t<\/a>\n\t\t\t\t<\/div>\n\t\t\t\t\t\t\t\t<\/div>\n\t\t\t\t<\/div>\n\t\t\t\t<div class=\"elementor-element elementor-element-22eb401 elementor-widget elementor-widget-spacer\" data-id=\"22eb401\" data-element_type=\"widget\" data-e-type=\"widget\" data-widget_type=\"spacer.default\">\n\t\t\t\t<div class=\"elementor-widget-container\">\n\t\t\t\t\t\t\t<div class=\"elementor-spacer\">\n\t\t\t<div class=\"elementor-spacer-inner\"><\/div>\n\t\t<\/div>\n\t\t\t\t\t\t<\/div>\n\t\t\t\t<\/div>\n\t\t\t\t<div class=\"elementor-element elementor-element-84c09c6 elementor-widget elementor-widget-heading\" data-id=\"84c09c6\" data-element_type=\"widget\" data-e-type=\"widget\" data-widget_type=\"heading.default\">\n\t\t\t\t<div class=\"elementor-widget-container\">\n\t\t\t\t\t<h2 class=\"elementor-heading-title elementor-size-default\">LES DERNI\u00c8RES ACTUALIT\u00c9S DE LA TOULON PROVENCE REGATTA<\/h2>\t\t\t\t<\/div>\n\t\t\t\t<\/div>\n\t\t\t\t<div class=\"elementor-element elementor-element-c4571a5 elementor-posts--align-center elementor-widget-tablet__width-inherit elementor-grid-3 elementor-grid-tablet-2 elementor-grid-mobile-1 elementor-posts--thumbnail-top elementor-card-shadow-yes elementor-posts__hover-gradient elementor-widget elementor-widget-posts\" data-id=\"c4571a5\" data-element_type=\"widget\" data-e-type=\"widget\" data-settings=\"{&quot;cards_row_gap_tablet&quot;:{&quot;unit&quot;:&quot;px&quot;,&quot;size&quot;:0,&quot;sizes&quot;:[]},&quot;cards_columns&quot;:&quot;3&quot;,&quot;cards_columns_tablet&quot;:&quot;2&quot;,&quot;cards_columns_mobile&quot;:&quot;1&quot;,&quot;cards_row_gap&quot;:{&quot;unit&quot;:&quot;px&quot;,&quot;size&quot;:35,&quot;sizes&quot;:[]},&quot;cards_row_gap_mobile&quot;:{&quot;unit&quot;:&quot;px&quot;,&quot;size&quot;:&quot;&quot;,&quot;sizes&quot;:[]}}\" data-widget_type=\"posts.cards\">\n\t\t\t\t<div class=\"elementor-widget-container\">\n\t\t\t\t\t\t\t<div class=\"elementor-posts-container elementor-posts elementor-posts--skin-cards elementor-grid\">\n\t\t\t\t<article class=\"elementor-post elementor-grid-item post-10322 post type-post status-publish format-standard has-post-thumbnail hentry category-32 category-les-regates tag-presse\">\n\t\t\t<div class=\"elementor-post__card\">\n\t\t\t\t<a class=\"elementor-post__thumbnail__link\" href=\"https:\/\/toulonprovenceregatta.fr\/en\/page\/resume-des-4-jours-et-les-heureux-gagnants-de-polo-officiel\/\" tabindex=\"-1\" ><div class=\"elementor-post__thumbnail\"><img loading=\"lazy\" decoding=\"async\" width=\"300\" height=\"135\" src=\"https:\/\/toulonprovenceregatta.fr\/wp-content\/uploads\/2026\/05\/CLIP_TPR2026-300x135.jpg\" class=\"attachment-medium size-medium wp-image-10327\" alt=\"\" srcset=\"https:\/\/toulonprovenceregatta.fr\/wp-content\/uploads\/2026\/05\/CLIP_TPR2026-300x135.jpg 300w, https:\/\/toulonprovenceregatta.fr\/wp-content\/uploads\/2026\/05\/CLIP_TPR2026-1024x459.jpg 1024w, https:\/\/toulonprovenceregatta.fr\/wp-content\/uploads\/2026\/05\/CLIP_TPR2026-768x344.jpg 768w, https:\/\/toulonprovenceregatta.fr\/wp-content\/uploads\/2026\/05\/CLIP_TPR2026-18x8.jpg 18w, https:\/\/toulonprovenceregatta.fr\/wp-content\/uploads\/2026\/05\/CLIP_TPR2026.jpg 1084w\" sizes=\"(max-width: 300px) 100vw, 300px\" \/><\/div><\/a>\n\t\t\t\t<div class=\"elementor-post__text\">\n\t\t\t\t<h3 class=\"elementor-post__title\">\n\t\t\t<a href=\"https:\/\/toulonprovenceregatta.fr\/en\/page\/resume-des-4-jours-et-les-heureux-gagnants-de-polo-officiel\/\" >\n\t\t\t\tUn mois apr\u00e8s l&rsquo;\u00e9v\u00e9nement, revivez la Toulon Provence Regatta 2026 !\t\t\t<\/a>\n\t\t<\/h3>\n\t\t\t\t<div class=\"elementor-post__excerpt\">\n\t\t\t<p>Eh oui, d\u00e9j\u00e0 un mois que la Toulon Provence Regatta 2026 a clos ses 4 jours de f\u00eate avec les \u00e9quipages, d&rsquo;animations pour le public sur le port de Toulon et plages du Mourillon, et de r\u00e9gates en Grande rade ! La Marine Nationale \u00e9tait \u00e0 l&rsquo;honneur cette ann\u00e9e pour ces 400 ans d&rsquo;existence. Cette \u00e9dition aura permis de mettre en valeur aussi bien les bateaux et voiliers de notre patrimoine maritime mais aussi des voiliers m\u00e9triques beaucoup plus r\u00e9cents ! La Destinus AI Regatta du samedi 9 mai aura permis de rendre cette 3 \u00e9dition encore plus innovante &#8230;<\/p>\n\t\t<\/div>\n\t\t\n\t\t<a class=\"elementor-post__read-more\" href=\"https:\/\/toulonprovenceregatta.fr\/en\/page\/resume-des-4-jours-et-les-heureux-gagnants-de-polo-officiel\/\" aria-label=\"Read more about Un mois apr\u00e8s l&rsquo;\u00e9v\u00e9nement, revivez la Toulon Provence Regatta 2026 !\" tabindex=\"-1\" >\n\t\t\tLire\t\t<\/a>\n\n\t\t\t\t<\/div>\n\t\t\t\t<div class=\"elementor-post__meta-data\">\n\t\t\t\t\t<span class=\"elementor-post-date\">\n\t\t\t9 June 2026\t\t<\/span>\n\t\t\t\t<\/div>\n\t\t\t\t\t<\/div>\n\t\t<\/article>\n\t\t\t\t<article class=\"elementor-post elementor-grid-item post-10082 post type-post status-publish format-standard has-post-thumbnail hentry category-32 category-les-regates tag-presse\">\n\t\t\t<div class=\"elementor-post__card\">\n\t\t\t\t<a class=\"elementor-post__thumbnail__link\" href=\"https:\/\/toulonprovenceregatta.fr\/en\/page\/clap-de-fin-avec-succes-pour-cette-troisieme-edition-de-la-toulon-provence-regatta\/\" tabindex=\"-1\" ><div class=\"elementor-post__thumbnail\"><img loading=\"lazy\" decoding=\"async\" width=\"300\" height=\"169\" src=\"https:\/\/toulonprovenceregatta.fr\/wp-content\/uploads\/2026\/05\/20260507_144020-Pierre-Le-Boulicaut-300x169.jpg\" class=\"attachment-medium size-medium wp-image-10084\" alt=\"\" srcset=\"https:\/\/toulonprovenceregatta.fr\/wp-content\/uploads\/2026\/05\/20260507_144020-Pierre-Le-Boulicaut-300x169.jpg 300w, https:\/\/toulonprovenceregatta.fr\/wp-content\/uploads\/2026\/05\/20260507_144020-Pierre-Le-Boulicaut-1024x576.jpg 1024w, https:\/\/toulonprovenceregatta.fr\/wp-content\/uploads\/2026\/05\/20260507_144020-Pierre-Le-Boulicaut-768x432.jpg 768w, https:\/\/toulonprovenceregatta.fr\/wp-content\/uploads\/2026\/05\/20260507_144020-Pierre-Le-Boulicaut-1536x864.jpg 1536w, https:\/\/toulonprovenceregatta.fr\/wp-content\/uploads\/2026\/05\/20260507_144020-Pierre-Le-Boulicaut-18x10.jpg 18w, https:\/\/toulonprovenceregatta.fr\/wp-content\/uploads\/2026\/05\/20260507_144020-Pierre-Le-Boulicaut.jpg 1920w\" sizes=\"(max-width: 300px) 100vw, 300px\" \/><\/div><\/a>\n\t\t\t\t<div class=\"elementor-post__text\">\n\t\t\t\t<h3 class=\"elementor-post__title\">\n\t\t\t<a href=\"https:\/\/toulonprovenceregatta.fr\/en\/page\/clap-de-fin-avec-succes-pour-cette-troisieme-edition-de-la-toulon-provence-regatta\/\" >\n\t\t\t\tClap de fin avec succ\u00e8s pour cette troisi\u00e8me \u00e9dition de la Toulon Provence Regatta !\t\t\t<\/a>\n\t\t<\/h3>\n\t\t\t\t<div class=\"elementor-post__excerpt\">\n\t\t\t<p>Ce dimanche 10 mai, s\u2019est d\u00e9roul\u00e9 la remise des prix finale de la Toulon Provence Regatta 2026, co-organis\u00e9e par le Club Nautique de la Marine \u00e0 Toulon et Twelve Med Events, en partenariat avec la Mairie de Toulon, la M\u00e9tropole Toulon Provence M\u00e9diterran\u00e9e, le D\u00e9partement du Var, la R\u00e9gion Sud et la Marine Nationale. Nous avons eu le plaisir d\u2019y accueillir notre parrain de l\u2019\u00e9dition 2026, Philippe HARTZ, et Armel Le Cl\u00e9ac\u2019h, skipper du trimaran ULTIM \u00ab Banque Populaire XI \u00bb qui a parcouru la grande rade de Toulon avec 2 autres ULTIM durant ces 4 jours &#8230;<\/p>\n\t\t<\/div>\n\t\t\n\t\t<a class=\"elementor-post__read-more\" href=\"https:\/\/toulonprovenceregatta.fr\/en\/page\/clap-de-fin-avec-succes-pour-cette-troisieme-edition-de-la-toulon-provence-regatta\/\" aria-label=\"Read more about Clap de fin avec succ\u00e8s pour cette troisi\u00e8me \u00e9dition de la Toulon Provence Regatta !\" tabindex=\"-1\" >\n\t\t\tLire\t\t<\/a>\n\n\t\t\t\t<\/div>\n\t\t\t\t<div class=\"elementor-post__meta-data\">\n\t\t\t\t\t<span class=\"elementor-post-date\">\n\t\t\t13 May 2026\t\t<\/span>\n\t\t\t\t<\/div>\n\t\t\t\t\t<\/div>\n\t\t<\/article>\n\t\t\t\t<article class=\"elementor-post elementor-grid-item post-9955 post type-post status-publish format-standard has-post-thumbnail hentry category-32 category-les-regates tag-presse\">\n\t\t\t<div class=\"elementor-post__card\">\n\t\t\t\t<a class=\"elementor-post__thumbnail__link\" href=\"https:\/\/toulonprovenceregatta.fr\/en\/page\/la-destinus-ai-regatta-une-premiere-mondiale-a-toulon\/\" tabindex=\"-1\" ><div class=\"elementor-post__thumbnail\"><img loading=\"lazy\" decoding=\"async\" width=\"300\" height=\"225\" src=\"https:\/\/toulonprovenceregatta.fr\/wp-content\/uploads\/2026\/05\/20250524_124514-300x225.jpg\" class=\"attachment-medium size-medium wp-image-9990\" alt=\"@EmmanuelGUYETAND\" srcset=\"https:\/\/toulonprovenceregatta.fr\/wp-content\/uploads\/2026\/05\/20250524_124514-300x225.jpg 300w, https:\/\/toulonprovenceregatta.fr\/wp-content\/uploads\/2026\/05\/20250524_124514-1024x768.jpg 1024w, https:\/\/toulonprovenceregatta.fr\/wp-content\/uploads\/2026\/05\/20250524_124514-768x576.jpg 768w, https:\/\/toulonprovenceregatta.fr\/wp-content\/uploads\/2026\/05\/20250524_124514-1536x1152.jpg 1536w, https:\/\/toulonprovenceregatta.fr\/wp-content\/uploads\/2026\/05\/20250524_124514-16x12.jpg 16w, https:\/\/toulonprovenceregatta.fr\/wp-content\/uploads\/2026\/05\/20250524_124514.jpg 1920w\" sizes=\"(max-width: 300px) 100vw, 300px\" \/><\/div><\/a>\n\t\t\t\t<div class=\"elementor-post__text\">\n\t\t\t\t<h3 class=\"elementor-post__title\">\n\t\t\t<a href=\"https:\/\/toulonprovenceregatta.fr\/en\/page\/la-destinus-ai-regatta-une-premiere-mondiale-a-toulon\/\" >\n\t\t\t\tLa \u00ab\u00a0Destinus AI Regatta\u00a0\u00bb, une premi\u00e8re mondiale \u00e0 Toulon !\t\t\t<\/a>\n\t\t<\/h3>\n\t\t\t\t<div class=\"elementor-post__excerpt\">\n\t\t\t<p>Si vous passiez ce matin \u00e0 l&rsquo;ex-restaurant LA PLAGE \u00e0 l&rsquo;anse du Lido, vous vous auriez senti dans une v\u00e9ritable fourmili\u00e8re. L&rsquo;effervescence \u00e9tait dans tous les esprits. Pour les organisateurs, notamment Xavier CAUX, c&rsquo;\u00e9tait l&rsquo;aboutissement d&rsquo;un projet lanc\u00e9 d\u00e9j\u00e0 depuis un peu plus de 2 ans en partenariat avec le challenge Swarm&rsquo;z et l&rsquo;entreprise Destinus (Fabricant de drone a\u00e9rien) qui a soutenu la r\u00e9alisation de cette journ\u00e9e. Pour toutes les \u00e9quipes d&rsquo;\u00e9tudiants concurrentes, c&rsquo;\u00e9tait un sacr\u00e9 challenge \u00e0 relever pendant ces derniers jours tel un hackathon. Pour certains, cette derni\u00e8re nuit a \u00e9t\u00e9 tr\u00e8s tr\u00e8s tr\u00e8s courte. \u00c9chec et r\u00e9ussite marque cette aventure, qui n&rsquo;est qu&rsquo;une premi\u00e8re \u00e9tape vers cet objectif de d\u00e9velopper un \u00ab\u00a0tacticien virtuel\u00a0\u00bb pour la Coupe de l&rsquo;America  &#8230;<\/p>\n\t\t<\/div>\n\t\t\n\t\t<a class=\"elementor-post__read-more\" href=\"https:\/\/toulonprovenceregatta.fr\/en\/page\/la-destinus-ai-regatta-une-premiere-mondiale-a-toulon\/\" aria-label=\"Read more about La \u00ab\u00a0Destinus AI Regatta\u00a0\u00bb, une premi\u00e8re mondiale \u00e0 Toulon !\" tabindex=\"-1\" >\n\t\t\tLire\t\t<\/a>\n\n\t\t\t\t<\/div>\n\t\t\t\t<div class=\"elementor-post__meta-data\">\n\t\t\t\t\t<span class=\"elementor-post-date\">\n\t\t\t9 May 2026\t\t<\/span>\n\t\t\t\t<\/div>\n\t\t\t\t\t<\/div>\n\t\t<\/article>\n\t\t\t\t<\/div>\n\t\t\n\t\t\t\t\t\t<\/div>\n\t\t\t\t<\/div>\n\t\t\t\t<div class=\"elementor-element elementor-element-293b1d4 elementor-align-center elementor-widget elementor-widget-button\" data-id=\"293b1d4\" data-element_type=\"widget\" data-e-type=\"widget\" data-widget_type=\"button.default\">\n\t\t\t\t<div class=\"elementor-widget-container\">\n\t\t\t\t\t\t\t\t\t<div class=\"elementor-button-wrapper\">\n\t\t\t\t\t<a class=\"elementor-button elementor-button-link elementor-size-sm\" href=\"https:\/\/toulonprovenceregatta.fr\/actualites\/\">\n\t\t\t\t\t\t<span class=\"elementor-button-content-wrapper\">\n\t\t\t\t\t\t\t\t\t<span class=\"elementor-button-text\">Lire toutes les actualit\u00e9s<\/span>\n\t\t\t\t\t<\/span>\n\t\t\t\t\t<\/a>\n\t\t\t\t<\/div>\n\t\t\t\t\t\t\t\t<\/div>\n\t\t\t\t<\/div>\n\t\t\t\t\t<\/div>\n\t\t\t\t<\/div>\n\t\t<div class=\"elementor-element elementor-element-eebc57a e-flex e-con-boxed wpr-particle-no wpr-jarallax-no wpr-parallax-no wpr-sticky-section-no wpr-column-slider-no wpr-equal-height-no e-con e-parent\" data-id=\"eebc57a\" data-element_type=\"container\" data-e-type=\"container\">\n\t\t\t\t\t<div class=\"e-con-inner\">\n\t\t\t\t<div class=\"elementor-element elementor-element-fcd4908 elementor-widget elementor-widget-spacer\" data-id=\"fcd4908\" data-element_type=\"widget\" data-e-type=\"widget\" data-widget_type=\"spacer.default\">\n\t\t\t\t<div class=\"elementor-widget-container\">\n\t\t\t\t\t\t\t<div class=\"elementor-spacer\">\n\t\t\t<div class=\"elementor-spacer-inner\"><\/div>\n\t\t<\/div>\n\t\t\t\t\t\t<\/div>\n\t\t\t\t<\/div>\n\t\t\t\t\t<\/div>\n\t\t\t\t<\/div>\n\t\t<div class=\"elementor-element elementor-element-f96c507 e-grid e-con-boxed wpr-particle-no wpr-jarallax-no wpr-parallax-no wpr-sticky-section-no wpr-column-slider-no wpr-equal-height-no e-con e-parent\" data-id=\"f96c507\" data-element_type=\"container\" data-e-type=\"container\">\n\t\t\t\t\t<div class=\"e-con-inner\">\n\t\t\t\t<div class=\"elementor-element elementor-element-77d6169 elementor-widget elementor-widget-image\" data-id=\"77d6169\" data-element_type=\"widget\" data-e-type=\"widget\" data-widget_type=\"image.default\">\n\t\t\t\t<div class=\"elementor-widget-container\">\n\t\t\t\t\t\t\t\t\t\t\t\t\t\t\t<img loading=\"lazy\" decoding=\"async\" width=\"150\" height=\"150\" src=\"https:\/\/toulonprovenceregatta.fr\/wp-content\/uploads\/2026\/01\/Label-400-ans-de-la-marine-150x150.png\" class=\"attachment-thumbnail size-thumbnail wp-image-8789\" alt=\"La Toulon Provence Regatta 2026 est un \u00e9v\u00e8nement labellis\u00e9 400 ans de la Marine Nationale\" srcset=\"https:\/\/toulonprovenceregatta.fr\/wp-content\/uploads\/2026\/01\/Label-400-ans-de-la-marine-150x150.png 150w, https:\/\/toulonprovenceregatta.fr\/wp-content\/uploads\/2026\/01\/Label-400-ans-de-la-marine-12x12.png 12w\" sizes=\"(max-width: 150px) 100vw, 150px\" \/>\t\t\t\t\t\t\t\t\t\t\t\t\t\t\t<\/div>\n\t\t\t\t<\/div>\n\t\t\t\t<div class=\"elementor-element elementor-element-777e10b elementor-widget elementor-widget-text-editor\" data-id=\"777e10b\" data-element_type=\"widget\" data-e-type=\"widget\" data-widget_type=\"text-editor.default\">\n\t\t\t\t<div class=\"elementor-widget-container\">\n\t\t\t\t\t\t\t\t\t<p><span style=\"color: #003366;\"><strong>La Toulon Provence Regatta 2026 est fi\u00e8re d&rsquo;\u00eatre officiellement labellis\u00e9e dans le cadre du 400\u00e8me anniversaire de la Marine nationale<\/strong>. Ce label prestigieux souligne notre engagement \u00e0 faire rayonner le patrimoine maritime et l&rsquo;excellence navale au c\u0153ur de la plus belle rade d&rsquo;Europe.<\/span><\/p>\t\t\t\t\t\t\t\t<\/div>\n\t\t\t\t<\/div>\n\t\t\t\t\t<\/div>\n\t\t\t\t<\/div>\n\t\t<div class=\"elementor-element elementor-element-7112eab e-flex e-con-boxed wpr-particle-no wpr-jarallax-no wpr-parallax-no wpr-sticky-section-no wpr-column-slider-no wpr-equal-height-no e-con e-parent\" data-id=\"7112eab\" data-element_type=\"container\" data-e-type=\"container\">\n\t\t\t\t\t<div class=\"e-con-inner\">\n\t\t\t\t<div class=\"elementor-element elementor-element-d4e7dbb elementor-widget elementor-widget-spacer\" data-id=\"d4e7dbb\" data-element_type=\"widget\" data-e-type=\"widget\" data-widget_type=\"spacer.default\">\n\t\t\t\t<div class=\"elementor-widget-container\">\n\t\t\t\t\t\t\t<div class=\"elementor-spacer\">\n\t\t\t<div class=\"elementor-spacer-inner\"><\/div>\n\t\t<\/div>\n\t\t\t\t\t\t<\/div>\n\t\t\t\t<\/div>\n\t\t\t\t\t<\/div>\n\t\t\t\t<\/div>\n\t\t\t\t<\/div>\n\t\t","protected":false},"excerpt":{"rendered":"<p>SAVE THE DATE \u2014 La Toulon Provence Regatta revient du 13 au 16 mai 2027 ! \u26f5\ufe0f &nbsp;&nbsp;&nbsp;&nbsp;\u2022&nbsp;&nbsp;&nbsp;&nbsp; SAVE THE DATE \u2014 La Toulon Provence Regatta revient du 13 au 16 mai 2027 ! \u26f5\ufe0f \u00c9DITION 2027 Jours Heures Minutes Secondes Facebook Instagram Youtube Linkedin Suivez la Toulon Provence Regatta sur les r\u00e9seaux sociaux! Lire le journal de la TPR 2026 Pour vous faire patienter jusqu&rsquo;\u00e0 la quatri\u00e8me \u00e9dition de la Toulon Provence Regatta qui se d\u00e9roulera du 13 au 16 mai 2027, nous vous proposons de revivre l&rsquo;\u00e9dition 2026 avec ce journal gratuit vous permet de d\u00e9couvrir en d\u00e9tail le monde de la r\u00e9gate et ses innovations, le patrimoine maritime local et le contenu de la Toulon Provence Regatta. Bonne lecture et bonne TPR \u00e0 vous !\u00a0 La Toulon Provence Regatta, c&rsquo;est quoi ? Pour sa quatri\u00e8me \u00e9dition, la Toulon Provence Regatta se tiendra du 13 au 16 mai 2027, au c\u0153ur de la rade de Toulon. \u00c9v\u00e9nement sportif et maritime majeur, la r\u00e9gate rassemble des voiliers classiques et modernes d\u2019exception, v\u00e9ritables t\u00e9moins du patrimoine nautique national et international. Certains de ces yachts mythiques ont marqu\u00e9 l\u2019histoire en participant \u00e0 l\u2019America\u2019s Cup, plus prestigieuse comp\u00e9tition de voile au monde, ou aux Jeux Olympiques, inscrivant ainsi la r\u00e9gate dans la grande tradition des comp\u00e9titions internationales. La Toulon Provence Regatta r\u00e9unit l\u2019ensemble des voiliers de classe internationale m\u00e9trique : 2.4, 5.5, 6, 8, 10 et 12M JI, offrant un spectacle splendide sur la M\u00e9diterran\u00e9e. Le 15 mai, un temps fort attendu viendra compl\u00e9ter le programme : l&rsquo;AI Regatta, une r\u00e9gate innovante qui mettra \u00e0 l\u2019honneur des drones voiliers, combinant esprit sportif, convivialit\u00e9 et modernit\u00e9. Pendant quatre jours, Toulon vivra au rythme des r\u00e9gates, des animations et des rencontres : Comp\u00e9tition sportive de haut niveau, avec la participation d\u2019\u00e9quipages passionn\u00e9s venus de France et de l\u2019\u00e9tranger. Un village d\u2019exposants ouvert au public sur le Port de Toulon, lieu de convivialit\u00e9, de d\u00e9couverte et d\u2019\u00e9changes. Un ancrage territorial fort, qui met en lumi\u00e8re la vocation maritime de la ville et contribue \u00e0 son attractivit\u00e9 touristique et \u00e9conomique. Des moments uniques au Fort Saint-Louis et au Mus\u00e9e de la Marine, sites embl\u00e9matiques de Toulon, qui accueilleront une partie des animations et des activit\u00e9s partenaires, offrant un cadre historique et prestigieux \u00e0 l\u2019\u00e9v\u00e9nement Des animations accessibles \u00e0 tous : visites de voiliers, bapt\u00eames nautiques, expositions et parcours p\u00e9dagogiques autour de la mer. LA TOULON PROVENCE REGATTA EN IMAGES Photos et vid\u00e9os de la Toulon Provence Regatta LA TOULON PROVENCE REGATTA 2026 EN QUELQUES CHIFFRES 70 BATEAUX250 \u00c9QUIPIERS 4JOURS DE R\u00c9GATE 3500VISITEURS \u00c0 BORD DES BATEAUX 180 B\u00c9N\u00c9VOLES 4000 VISITEURS PAR JOUR SUR LE VILLAGE UN \u00c9V\u00c8NEMENT : DES LIEUX D&rsquo;EXCEPTION Un parcours marin et terrestre r\u00e9parti sur plusieurs sites prestigieux Pendant quatre jours de comp\u00e9tition, la Toulon Provence Regatta fait vibrer l\u2019ensemble de l\u2019aire toulonnaise \u00e0 travers plusieurs lieux embl\u00e9matiques du littoral m\u00e9diterran\u00e9en. Cet \u00e9v\u00e9nement nautique international offre une immersion unique au plus pr\u00e8s de l\u2019action, dans l\u2019un des plus beaux plans d\u2019eau d\u2019Europe. La Toulon Provence Regatta se d\u00e9ploie sur des espaces incontournables, chacun apportant une atmosph\u00e8re et une exp\u00e9rience diff\u00e9rente : Le Port de Toulon Point central de l\u2019\u00e9v\u00e9nement, il accueille les voiliers classiques et les \u00e9quipages, tout en offrant au public une vue privil\u00e9gi\u00e9e sur les d\u00e9parts et arriv\u00e9es de r\u00e9gates. Sa situation en plein c\u0153ur de la ville permet une large accessibilit\u00e9 et une visibilit\u00e9 optimale pour les partenaires. Le Carr\u00e9 du Port et le Quai des P\u00eacheurs Ces quais historiques constituent le lien direct avec les visiteurs. Ils offrent un espace convivial permettant de rencontrer les \u00e9quipages, admirer les yachts classiques \u00e0 quai et profiter des animations organis\u00e9es pendant l\u2019\u00e9v\u00e9nement. L\u2019Anse des Pins au Mourillon Un site maritime embl\u00e9matique de Toulon, id\u00e9al pour suivre les r\u00e9gates depuis la c\u00f4te. Les spectateurs profitent d\u2019un point de vue exceptionnel sur la rade, cr\u00e9ant une ambiance conviviale pour toute la famille. De nombreux bapt\u00eames nautiques s&rsquo;y d\u00e9rouleront. Le Fort Saint Louis Monument historique embl\u00e9matique du Mourillon, il est privatis\u00e9 pour l\u2019\u00e9v\u00e9nement afin d\u2019accueillir des espaces partenaires et hospitalit\u00e9s. Ce lieu privil\u00e9gi\u00e9 permet aux invit\u00e9s de vivre la r\u00e9gate au plus pr\u00e8s des \u00e9quipages, dans un cadre remarquable charg\u00e9 d\u2019histoire maritime. DEVENEZ PARTENAIRE DE LA TOULON PROVENCE REGATTA \u00a0 Associez votre entreprise \u00e0 un \u00e9v\u00e9nement voile premium en M\u00e9diterran\u00e9e, r\u00e9unissant voiliers mythiques, innovation et rayonnement territorial. La Toulon Provence Regatta vous offre une visibilit\u00e9 forte, des opportunit\u00e9s de relations publiques et un acc\u00e8s privil\u00e9gi\u00e9 aux acteurs \u00e9conomiques de la r\u00e9gion et d\u2019ailleurs. Ensemble, cr\u00e9ons une collaboration porteuse de sens et de performance!\u00a0Contactez-nous et embarquez dans l\u2019aventure! \u00a0 \u00a0 En savoir plus sur les partenariats LES DERNI\u00c8RES ACTUALIT\u00c9S DE LA TOULON PROVENCE REGATTA Lire toutes les actualit\u00e9s La Toulon Provence Regatta 2026 est fi\u00e8re d&rsquo;\u00eatre officiellement labellis\u00e9e dans le cadre du 400\u00e8me anniversaire de la Marine nationale. Ce label prestigieux souligne notre engagement \u00e0 faire rayonner le patrimoine maritime et l&rsquo;excellence navale au c\u0153ur de la plus belle rade d&rsquo;Europe.<\/p>","protected":false},"author":14,"featured_media":604,"parent":0,"menu_order":0,"comment_status":"closed","ping_status":"closed","template":"","meta":{"_acf_changed":false,"footnotes":""},"class_list":["post-12","page","type-page","status-publish","has-post-thumbnail","hentry"],"acf":[],"yoast_head":"<!-- This site is optimized with the Yoast SEO plugin v28.3 - https:\/\/yoast.com\/product\/yoast-seo-wordpress\/ -->\n<title>Accueil - Toulon Provence Regatta<\/title>\n<meta name=\"description\" content=\"Rejoignez l&#039;\u00e9v\u00e9nement incontournable de la voile : Toulon Provence Regatta. D\u00e9couvrez les r\u00e9gates de Toulon !\" \/>\n<meta name=\"robots\" content=\"index, follow, max-snippet:-1, max-image-preview:large, max-video-preview:-1\" \/>\n<link rel=\"canonical\" href=\"https:\/\/toulonprovenceregatta.fr\/en\/\" \/>\n<meta property=\"og:locale\" content=\"en_GB\" \/>\n<meta property=\"og:type\" content=\"article\" \/>\n<meta property=\"og:title\" content=\"Accueil - Toulon Provence Regatta\" \/>\n<meta property=\"og:description\" content=\"Rejoignez l&#039;\u00e9v\u00e9nement incontournable de la voile : Toulon Provence Regatta. D\u00e9couvrez les r\u00e9gates de Toulon !\" \/>\n<meta property=\"og:url\" content=\"https:\/\/toulonprovenceregatta.fr\/en\/\" \/>\n<meta property=\"og:site_name\" content=\"Toulon Provence Regatta\" \/>\n<meta property=\"article:publisher\" content=\"https:\/\/www.facebook.com\/toulonprovenceregatta\" \/>\n<meta property=\"article:modified_time\" content=\"2026-08-31T12:01:00+00:00\" \/>\n<meta property=\"og:image\" content=\"https:\/\/toulonprovenceregatta.fr\/wp-content\/uploads\/2025\/01\/TPR-day-1-53.png\" \/>\n\t<meta property=\"og:image:width\" content=\"1920\" \/>\n\t<meta property=\"og:image:height\" content=\"851\" \/>\n\t<meta property=\"og:image:type\" content=\"image\/png\" \/>\n<meta name=\"twitter:card\" content=\"summary_large_image\" \/>\n<meta name=\"twitter:label1\" content=\"Estimated reading time\" \/>\n\t<meta name=\"twitter:data1\" content=\"13 minutes\" \/>\n<script type=\"application\/ld+json\" class=\"yoast-schema-graph\">{\"@context\":\"https:\\\/\\\/schema.org\",\"@graph\":[{\"@type\":\"WebPage\",\"@id\":\"https:\\\/\\\/toulonprovenceregatta.fr\\\/\",\"url\":\"https:\\\/\\\/toulonprovenceregatta.fr\\\/\",\"name\":\"Accueil - Toulon Provence Regatta\",\"isPartOf\":{\"@id\":\"https:\\\/\\\/toulonprovenceregatta.fr\\\/#website\"},\"primaryImageOfPage\":{\"@id\":\"https:\\\/\\\/toulonprovenceregatta.fr\\\/#primaryimage\"},\"image\":{\"@id\":\"https:\\\/\\\/toulonprovenceregatta.fr\\\/#primaryimage\"},\"thumbnailUrl\":\"https:\\\/\\\/toulonprovenceregatta.fr\\\/wp-content\\\/uploads\\\/2025\\\/01\\\/TPR-day-1-53.png\",\"datePublished\":\"2024-11-22T13:33:31+00:00\",\"dateModified\":\"2026-08-31T12:01:00+00:00\",\"description\":\"Rejoignez l'\u00e9v\u00e9nement incontournable de la voile : Toulon Provence Regatta. D\u00e9couvrez les r\u00e9gates de Toulon !\",\"breadcrumb\":{\"@id\":\"https:\\\/\\\/toulonprovenceregatta.fr\\\/#breadcrumb\"},\"inLanguage\":\"en-GB\",\"potentialAction\":[{\"@type\":\"ReadAction\",\"target\":[\"https:\\\/\\\/toulonprovenceregatta.fr\\\/\"]}]},{\"@type\":\"ImageObject\",\"inLanguage\":\"en-GB\",\"@id\":\"https:\\\/\\\/toulonprovenceregatta.fr\\\/#primaryimage\",\"url\":\"https:\\\/\\\/toulonprovenceregatta.fr\\\/wp-content\\\/uploads\\\/2025\\\/01\\\/TPR-day-1-53.png\",\"contentUrl\":\"https:\\\/\\\/toulonprovenceregatta.fr\\\/wp-content\\\/uploads\\\/2025\\\/01\\\/TPR-day-1-53.png\",\"width\":1920,\"height\":851},{\"@type\":\"BreadcrumbList\",\"@id\":\"https:\\\/\\\/toulonprovenceregatta.fr\\\/#breadcrumb\",\"itemListElement\":[{\"@type\":\"ListItem\",\"position\":1,\"name\":\"Accueil\",\"item\":\"https:\\\/\\\/toulonprovenceregatta.fr\\\/\"},{\"@type\":\"ListItem\",\"position\":2,\"name\":\"Accueil\"}]},{\"@type\":\"WebSite\",\"@id\":\"https:\\\/\\\/toulonprovenceregatta.fr\\\/#website\",\"url\":\"https:\\\/\\\/toulonprovenceregatta.fr\\\/\",\"name\":\"Toulon Provence Regatta\",\"description\":\"\",\"publisher\":{\"@id\":\"https:\\\/\\\/toulonprovenceregatta.fr\\\/#organization\"},\"alternateName\":\"TPR\",\"potentialAction\":[{\"@type\":\"SearchAction\",\"target\":{\"@type\":\"EntryPoint\",\"urlTemplate\":\"https:\\\/\\\/toulonprovenceregatta.fr\\\/?s={search_term_string}\"},\"query-input\":{\"@type\":\"PropertyValueSpecification\",\"valueRequired\":true,\"valueName\":\"search_term_string\"}}],\"inLanguage\":\"en-GB\"},{\"@type\":\"Organization\",\"@id\":\"https:\\\/\\\/toulonprovenceregatta.fr\\\/#organization\",\"name\":\"Toulon Provence Regatta\",\"url\":\"https:\\\/\\\/toulonprovenceregatta.fr\\\/\",\"logo\":{\"@type\":\"ImageObject\",\"inLanguage\":\"en-GB\",\"@id\":\"https:\\\/\\\/toulonprovenceregatta.fr\\\/#\\\/schema\\\/logo\\\/image\\\/\",\"url\":\"https:\\\/\\\/toulonprovenceregatta.fr\\\/wp-content\\\/uploads\\\/2026\\\/04\\\/TPR-Logo-Bleu-Fond-Transparent.png\",\"contentUrl\":\"https:\\\/\\\/toulonprovenceregatta.fr\\\/wp-content\\\/uploads\\\/2026\\\/04\\\/TPR-Logo-Bleu-Fond-Transparent.png\",\"width\":3662,\"height\":3325,\"caption\":\"Toulon Provence Regatta\"},\"image\":{\"@id\":\"https:\\\/\\\/toulonprovenceregatta.fr\\\/#\\\/schema\\\/logo\\\/image\\\/\"},\"sameAs\":[\"https:\\\/\\\/www.facebook.com\\\/toulonprovenceregatta\",\"https:\\\/\\\/www.instagram.com\\\/toulonprovenceregatta\\\/\",\"https:\\\/\\\/www.linkedin.com\\\/company\\\/toulonprovenceregatta\",\"https:\\\/\\\/www.youtube.com\\\/@ToulonProvenceRegatta\"]}]}<\/script>\n<!-- \/ Yoast SEO plugin. -->","yoast_head_json":{"title":"Home - Toulon Provence Regatta","description":"Join the must-see sailing event: Toulon Provence Regatta. Discover Toulon's regattas!","robots":{"index":"index","follow":"follow","max-snippet":"max-snippet:-1","max-image-preview":"max-image-preview:large","max-video-preview":"max-video-preview:-1"},"canonical":"https:\/\/toulonprovenceregatta.fr\/en\/","og_locale":"en_GB","og_type":"article","og_title":"Accueil - Toulon Provence Regatta","og_description":"Rejoignez l'\u00e9v\u00e9nement incontournable de la voile : Toulon Provence Regatta. D\u00e9couvrez les r\u00e9gates de Toulon !","og_url":"https:\/\/toulonprovenceregatta.fr\/en\/","og_site_name":"Toulon Provence Regatta","article_publisher":"https:\/\/www.facebook.com\/toulonprovenceregatta","article_modified_time":"2026-08-31T12:01:00+00:00","og_image":[{"width":1920,"height":851,"url":"https:\/\/toulonprovenceregatta.fr\/wp-content\/uploads\/2025\/01\/TPR-day-1-53.png","type":"image\/png"}],"twitter_card":"summary_large_image","twitter_misc":{"Estimated reading time":"13 minutes"},"schema":{"@context":"https:\/\/schema.org","@graph":[{"@type":"WebPage","@id":"https:\/\/toulonprovenceregatta.fr\/","url":"https:\/\/toulonprovenceregatta.fr\/","name":"Home - Toulon Provence Regatta","isPartOf":{"@id":"https:\/\/toulonprovenceregatta.fr\/#website"},"primaryImageOfPage":{"@id":"https:\/\/toulonprovenceregatta.fr\/#primaryimage"},"image":{"@id":"https:\/\/toulonprovenceregatta.fr\/#primaryimage"},"thumbnailUrl":"https:\/\/toulonprovenceregatta.fr\/wp-content\/uploads\/2025\/01\/TPR-day-1-53.png","datePublished":"2024-11-22T13:33:31+00:00","dateModified":"2026-08-31T12:01:00+00:00","description":"Join the must-see sailing event: Toulon Provence Regatta. Discover Toulon's regattas!","breadcrumb":{"@id":"https:\/\/toulonprovenceregatta.fr\/#breadcrumb"},"inLanguage":"en-GB","potentialAction":[{"@type":"ReadAction","target":["https:\/\/toulonprovenceregatta.fr\/"]}]},{"@type":"ImageObject","inLanguage":"en-GB","@id":"https:\/\/toulonprovenceregatta.fr\/#primaryimage","url":"https:\/\/toulonprovenceregatta.fr\/wp-content\/uploads\/2025\/01\/TPR-day-1-53.png","contentUrl":"https:\/\/toulonprovenceregatta.fr\/wp-content\/uploads\/2025\/01\/TPR-day-1-53.png","width":1920,"height":851},{"@type":"BreadcrumbList","@id":"https:\/\/toulonprovenceregatta.fr\/#breadcrumb","itemListElement":[{"@type":"ListItem","position":1,"name":"Accueil","item":"https:\/\/toulonprovenceregatta.fr\/"},{"@type":"ListItem","position":2,"name":"Accueil"}]},{"@type":"WebSite","@id":"https:\/\/toulonprovenceregatta.fr\/#website","url":"https:\/\/toulonprovenceregatta.fr\/","name":"Toulon Provence Regatta","description":"","publisher":{"@id":"https:\/\/toulonprovenceregatta.fr\/#organization"},"alternateName":"TPR","potentialAction":[{"@type":"SearchAction","target":{"@type":"EntryPoint","urlTemplate":"https:\/\/toulonprovenceregatta.fr\/?s={search_term_string}"},"query-input":{"@type":"PropertyValueSpecification","valueRequired":true,"valueName":"search_term_string"}}],"inLanguage":"en-GB"},{"@type":"Organization","@id":"https:\/\/toulonprovenceregatta.fr\/#organization","name":"Toulon Provence Regatta","url":"https:\/\/toulonprovenceregatta.fr\/","logo":{"@type":"ImageObject","inLanguage":"en-GB","@id":"https:\/\/toulonprovenceregatta.fr\/#\/schema\/logo\/image\/","url":"https:\/\/toulonprovenceregatta.fr\/wp-content\/uploads\/2026\/04\/TPR-Logo-Bleu-Fond-Transparent.png","contentUrl":"https:\/\/toulonprovenceregatta.fr\/wp-content\/uploads\/2026\/04\/TPR-Logo-Bleu-Fond-Transparent.png","width":3662,"height":3325,"caption":"Toulon Provence Regatta"},"image":{"@id":"https:\/\/toulonprovenceregatta.fr\/#\/schema\/logo\/image\/"},"sameAs":["https:\/\/www.facebook.com\/toulonprovenceregatta","https:\/\/www.instagram.com\/toulonprovenceregatta\/","https:\/\/www.linkedin.com\/company\/toulonprovenceregatta","https:\/\/www.youtube.com\/@ToulonProvenceRegatta"]}]}},"_links":{"self":[{"href":"https:\/\/toulonprovenceregatta.fr\/en\/wp-json\/wp\/v2\/pages\/12","targetHints":{"allow":["GET"]}}],"collection":[{"href":"https:\/\/toulonprovenceregatta.fr\/en\/wp-json\/wp\/v2\/pages"}],"about":[{"href":"https:\/\/toulonprovenceregatta.fr\/en\/wp-json\/wp\/v2\/types\/page"}],"author":[{"embeddable":true,"href":"https:\/\/toulonprovenceregatta.fr\/en\/wp-json\/wp\/v2\/users\/14"}],"replies":[{"embeddable":true,"href":"https:\/\/toulonprovenceregatta.fr\/en\/wp-json\/wp\/v2\/comments?post=12"}],"version-history":[{"count":371,"href":"https:\/\/toulonprovenceregatta.fr\/en\/wp-json\/wp\/v2\/pages\/12\/revisions"}],"predecessor-version":[{"id":10476,"href":"https:\/\/toulonprovenceregatta.fr\/en\/wp-json\/wp\/v2\/pages\/12\/revisions\/10476"}],"wp:featuredmedia":[{"embeddable":true,"href":"https:\/\/toulonprovenceregatta.fr\/en\/wp-json\/wp\/v2\/media\/604"}],"wp:attachment":[{"href":"https:\/\/toulonprovenceregatta.fr\/en\/wp-json\/wp\/v2\/media?parent=12"}],"curies":[{"name":"wp","href":"https:\/\/api.w.org\/{rel}","templated":true}]}}